{"id":4544,"date":"2018-07-05T16:36:46","date_gmt":"2018-07-05T14:36:46","guid":{"rendered":"https:\/\/www.alfaforni.com\/since-1977\/"},"modified":"2026-03-20T14:05:41","modified_gmt":"2026-03-20T13:05:41","slug":"pionniers-dans-le-domaine-des-fours","status":"publish","type":"page","link":"https:\/\/www.alfaforni.com\/fr\/pionniers-dans-le-domaine-des-fours\/","title":{"rendered":"Pionniers dans le domaine des fours"},"content":{"rendered":"<p><div class=\"fusion-fullwidth fullwidth-box fusion-builder-row-1 fusion-flex-container has-pattern-background has-mask-background nonhundred-percent-fullwidth non-hundred-percent-height-scrolling\" style=\"--awb-border-radius-top-left:0px;--awb-border-radius-top-right:0px;--awb-border-radius-bottom-right:0px;--awb-border-radius-bottom-left:0px;--awb-padding-top:20px;--awb-padding-bottom:40px;--awb-padding-top-medium:0px;--awb-margin-top-medium:-60px;--awb-flex-wrap:wrap;\" ><div class=\"fusion-builder-row fusion-row fusion-flex-align-items-flex-start fusion-flex-content-wrap\" style=\"max-width:1248px;margin-left: calc(-4% \/ 2 );margin-right: calc(-4% \/ 2 );\"><div class=\"fusion-layout-column fusion_builder_column fusion-builder-column-0 fusion_builder_column_1_1 1_1 fusion-flex-column\" style=\"--awb-bg-size:cover;--awb-width-large:100%;--awb-margin-top-large:0px;--awb-spacing-right-large:1.92%;--awb-margin-bottom-large:20px;--awb-spacing-left-large:1.92%;--awb-width-medium:100%;--awb-order-medium:0;--awb-spacing-right-medium:1.92%;--awb-spacing-left-medium:1.92%;--awb-width-small:100%;--awb-order-small:0;--awb-spacing-right-small:1.92%;--awb-spacing-left-small:1.92%;\"><div class=\"fusion-column-wrapper fusion-column-has-shadow fusion-flex-justify-content-flex-start fusion-content-layout-column\"><div class=\"fusion-text fusion-text-1\"><h1 style=\"text-align: center;\">Nati in Italia nel 1977<\/h1>\n<h3 style=\"text-align: center;\">Au c\u0153ur de l\u2019Italie, au c\u0153ur de la pizza.<\/h3>\n<p style=\"text-align: center;\">Chaque four Alfa na\u00eet \u00e0 Anagni, entre Rome et Naples, sur une terre o\u00f9 la culture gastronomique et la tradition de la pizza font partie de la vie quotidienne. C\u2019est ici que, depuis pr\u00e8s de cinquante ans, le design italien, le savoir faire artisanal et l\u2019innovation technologique se rencontrent pour donner vie \u00e0 des fours capables de diffuser dans le monde entier l\u2019authenticit\u00e9 de la cuisson \u00e0 la flamme.<\/p>\n<h5 style=\"text-align: center;\">Nous cr\u00e9ons des outils con\u00e7us pour durer, pens\u00e9s pour ceux qui souhaitent transformer chaque allumage en un moment de partage et chaque pizza en une exp\u00e9rience inoubliable.<\/h5>\n<\/div><\/div><\/div><\/div><\/div><div class=\"fusion-fullwidth fullwidth-box fusion-builder-row-2 fusion-flex-container has-pattern-background has-mask-background nonhundred-percent-fullwidth non-hundred-percent-height-scrolling\" style=\"--awb-border-radius-top-left:0px;--awb-border-radius-top-right:0px;--awb-border-radius-bottom-right:0px;--awb-border-radius-bottom-left:0px;--awb-padding-bottom:100px;--awb-padding-bottom-small:40px;--awb-flex-wrap:wrap;\" ><div class=\"fusion-builder-row fusion-row fusion-flex-align-items-flex-start fusion-flex-content-wrap\" style=\"max-width:1248px;margin-left: calc(-4% \/ 2 );margin-right: calc(-4% \/ 2 );\"><div class=\"fusion-layout-column fusion_builder_column fusion-builder-column-1 fusion_builder_column_1_1 1_1 fusion-flex-column\" style=\"--awb-bg-size:cover;--awb-width-large:100%;--awb-margin-top-large:0px;--awb-spacing-right-large:1.92%;--awb-margin-bottom-large:20px;--awb-spacing-left-large:1.92%;--awb-width-medium:100%;--awb-order-medium:0;--awb-spacing-right-medium:1.92%;--awb-spacing-left-medium:1.92%;--awb-width-small:100%;--awb-order-small:0;--awb-spacing-right-small:1.92%;--awb-spacing-left-small:1.92%;\"><div class=\"fusion-column-wrapper fusion-column-has-shadow fusion-flex-justify-content-flex-start fusion-content-layout-column\"><div class=\"fusion-image-element \" style=\"text-align:center;--awb-caption-title-font-family:var(--h2_typography-font-family);--awb-caption-title-font-weight:var(--h2_typography-font-weight);--awb-caption-title-font-style:var(--h2_typography-font-style);--awb-caption-title-size:var(--h2_typography-font-size);--awb-caption-title-transform:var(--h2_typography-text-transform);--awb-caption-title-line-height:var(--h2_typography-line-height);--awb-caption-title-letter-spacing:var(--h2_typography-letter-spacing);\"><span class=\" fusion-imageframe imageframe-none imageframe-1 hover-type-none\"><img decoding=\"async\" width=\"730\" height=\"812\"  src=\"https:\/\/www.alfaforni.com\/wp-content\/uploads\/2025\/11\/Rocco-Lauro-e-Marcello-Ortuso-Alfa-Forni-Founders.jpg\" class=\"img-responsive wp-image-70483\" srcset=\"https:\/\/www.alfaforni.com\/wp-content\/uploads\/2025\/11\/Rocco-Lauro-e-Marcello-Ortuso-Alfa-Forni-Founders-400x445.jpg 400w, https:\/\/www.alfaforni.com\/wp-content\/uploads\/2025\/11\/Rocco-Lauro-e-Marcello-Ortuso-Alfa-Forni-Founders-600x667.jpg 600w, https:\/\/www.alfaforni.com\/wp-content\/uploads\/2025\/11\/Rocco-Lauro-e-Marcello-Ortuso-Alfa-Forni-Founders.jpg 730w\" sizes=\"(max-width: 640px) 100vw, 730px\" alt=\"\"><\/span><\/div><\/div><\/div><\/div><\/div><div class=\"fusion-fullwidth fullwidth-box fusion-builder-row-3 fusion-flex-container has-pattern-background has-mask-background nonhundred-percent-fullwidth non-hundred-percent-height-scrolling\" style=\"--awb-border-radius-top-left:0px;--awb-border-radius-top-right:0px;--awb-border-radius-bottom-right:0px;--awb-border-radius-bottom-left:0px;--awb-flex-wrap:wrap;\" ><div class=\"fusion-builder-row fusion-row fusion-flex-align-items-flex-start fusion-flex-content-wrap\" style=\"max-width:1248px;margin-left: calc(-4% \/ 2 );margin-right: calc(-4% \/ 2 );\"><div class=\"fusion-layout-column fusion_builder_column fusion-builder-column-2 fusion_builder_column_1_1 1_1 fusion-flex-column\" style=\"--awb-bg-size:cover;--awb-width-large:100%;--awb-margin-top-large:0px;--awb-spacing-right-large:1.92%;--awb-margin-bottom-large:20px;--awb-spacing-left-large:1.92%;--awb-width-medium:100%;--awb-order-medium:0;--awb-spacing-right-medium:1.92%;--awb-spacing-left-medium:1.92%;--awb-width-small:100%;--awb-order-small:0;--awb-spacing-right-small:1.92%;--awb-spacing-left-small:1.92%;\"><div class=\"fusion-column-wrapper fusion-column-has-shadow fusion-flex-justify-content-flex-start fusion-content-layout-column\"><div class=\"fusion-text fusion-text-2\"><h2 style=\"text-align: center;\">DEUX familles, UNE passion<\/h2>\n<p style=\"text-align: center;\">En 1977, Rocco Lauro et Marcello Ortuso allument le premier feu Alfa. Deux cousins, un four construit \u00e0 la main et une vision claire : rendre la cuisson \u00e0 la flamme accessible \u00e0 tous ceux qui aiment cuisiner et \u00eatre ensemble. De ce premier four est n\u00e9 un parcours fait de recherche, d\u2019exp\u00e9rimentation et de respect de la tradition. Un parcours qui, au fil du temps, a transform\u00e9 un r\u00eave artisanal en une entreprise reconnue \u00e0 l\u2019\u00e9chelle internationale, sans jamais perdre le lien avec ses racines et avec les valeurs \u00e0 l\u2019origine de tout.<\/p>\n<h3 style=\"text-align: center;\">Aujourd\u2019hui encore, ce m\u00eame esprit guide chaque choix : innover sans jamais oublier ses origines.<\/h3>\n<\/div><\/div><\/div><\/div><\/div><div class=\"fusion-fullwidth fullwidth-box fusion-builder-row-4 fusion-flex-container has-pattern-background has-mask-background nonhundred-percent-fullwidth non-hundred-percent-height-scrolling\" style=\"--awb-border-radius-top-left:0px;--awb-border-radius-top-right:0px;--awb-border-radius-bottom-right:0px;--awb-border-radius-bottom-left:0px;--awb-padding-bottom:120px;--awb-padding-bottom-medium:60px;--awb-padding-bottom-small:50px;--awb-flex-wrap:wrap;\" ><div class=\"fusion-builder-row fusion-row fusion-flex-align-items-flex-start fusion-flex-content-wrap\" style=\"max-width:1248px;margin-left: calc(-4% \/ 2 );margin-right: calc(-4% \/ 2 );\"><div class=\"fusion-layout-column fusion_builder_column fusion-builder-column-3 fusion_builder_column_1_5 1_5 fusion-flex-column\" style=\"--awb-bg-size:cover;--awb-width-large:20%;--awb-margin-top-large:0px;--awb-spacing-right-large:9.6%;--awb-margin-bottom-large:20px;--awb-spacing-left-large:9.6%;--awb-width-medium:20%;--awb-order-medium:0;--awb-spacing-right-medium:9.6%;--awb-spacing-left-medium:9.6%;--awb-width-small:100%;--awb-order-small:0;--awb-spacing-right-small:1.92%;--awb-spacing-left-small:1.92%;\"><div class=\"fusion-column-wrapper fusion-column-has-shadow fusion-flex-justify-content-flex-start fusion-content-layout-column\"><div class=\"fusion-image-element \" style=\"text-align:center;--awb-margin-bottom:10px;--awb-caption-title-font-family:var(--h2_typography-font-family);--awb-caption-title-font-weight:var(--h2_typography-font-weight);--awb-caption-title-font-style:var(--h2_typography-font-style);--awb-caption-title-size:var(--h2_typography-font-size);--awb-caption-title-transform:var(--h2_typography-text-transform);--awb-caption-title-line-height:var(--h2_typography-line-height);--awb-caption-title-letter-spacing:var(--h2_typography-letter-spacing);\"><span class=\" fusion-imageframe imageframe-none imageframe-2 hover-type-none\"><img decoding=\"async\" width=\"1000\" height=\"1000\"  src=\"https:\/\/www.alfaforni.com\/wp-content\/uploads\/2026\/03\/Sara-Lauro-Alfa-Forni.jpg\" class=\"img-responsive wp-image-74014\" srcset=\"https:\/\/www.alfaforni.com\/wp-content\/uploads\/2026\/03\/Sara-Lauro-Alfa-Forni-400x400.jpg 400w, https:\/\/www.alfaforni.com\/wp-content\/uploads\/2026\/03\/Sara-Lauro-Alfa-Forni-600x600.jpg 600w, https:\/\/www.alfaforni.com\/wp-content\/uploads\/2026\/03\/Sara-Lauro-Alfa-Forni-800x800.jpg 800w, https:\/\/www.alfaforni.com\/wp-content\/uploads\/2026\/03\/Sara-Lauro-Alfa-Forni.jpg 1000w\" sizes=\"(max-width: 640px) 100vw, 1000px\" alt=\"\"><\/span><\/div><div class=\"fusion-text fusion-text-3\"><p style=\"font-size: 14px; text-align: center;\"><strong>Sara Lauro<\/strong><\/p>\n<\/div><div class=\"fusion-text fusion-text-4\" style=\"--awb-margin-top:-20px;\"><p style=\"font-size: 11px; text-align: center;\"><em>CEO &#8211; Alfa Forni Group<br \/>\n<\/em><\/p>\n<\/div><\/div><\/div><div class=\"fusion-layout-column fusion_builder_column fusion-builder-column-4 fusion_builder_column_1_5 1_5 fusion-flex-column\" style=\"--awb-bg-size:cover;--awb-width-large:20%;--awb-margin-top-large:0px;--awb-spacing-right-large:9.6%;--awb-margin-bottom-large:20px;--awb-spacing-left-large:9.6%;--awb-width-medium:20%;--awb-order-medium:0;--awb-spacing-right-medium:9.6%;--awb-spacing-left-medium:9.6%;--awb-width-small:100%;--awb-order-small:0;--awb-spacing-right-small:1.92%;--awb-spacing-left-small:1.92%;\"><div class=\"fusion-column-wrapper fusion-column-has-shadow fusion-flex-justify-content-flex-start fusion-content-layout-column\"><div class=\"fusion-image-element \" style=\"text-align:center;--awb-margin-bottom:10px;--awb-caption-title-font-family:var(--h2_typography-font-family);--awb-caption-title-font-weight:var(--h2_typography-font-weight);--awb-caption-title-font-style:var(--h2_typography-font-style);--awb-caption-title-size:var(--h2_typography-font-size);--awb-caption-title-transform:var(--h2_typography-text-transform);--awb-caption-title-line-height:var(--h2_typography-line-height);--awb-caption-title-letter-spacing:var(--h2_typography-letter-spacing);\"><span class=\" fusion-imageframe imageframe-none imageframe-3 hover-type-none\"><img decoding=\"async\" width=\"600\" height=\"600\"  src=\"https:\/\/www.alfaforni.com\/wp-content\/uploads\/2025\/12\/Andrea-Lauro-1-600x600.jpg\" class=\"img-responsive wp-image-71550\" srcset=\"https:\/\/www.alfaforni.com\/wp-content\/uploads\/2025\/12\/Andrea-Lauro-1-400x400.jpg 400w, https:\/\/www.alfaforni.com\/wp-content\/uploads\/2025\/12\/Andrea-Lauro-1-600x600.jpg 600w, https:\/\/www.alfaforni.com\/wp-content\/uploads\/2025\/12\/Andrea-Lauro-1-800x800.jpg 800w, https:\/\/www.alfaforni.com\/wp-content\/uploads\/2025\/12\/Andrea-Lauro-1-1200x1200.jpg 1200w\" sizes=\"(max-width: 640px) 100vw, 600px\" alt=\"\"><\/span><\/div><div class=\"fusion-text fusion-text-5\"><p style=\"font-size: 14px; text-align: center;\"><strong>Andrea Lauro<\/strong><\/p>\n<\/div><div class=\"fusion-text fusion-text-6\" style=\"--awb-margin-top:-20px;\"><p style=\"font-size: 11px; text-align: center;\"><em>Division Manager Commercial Line<\/em><\/p>\n<\/div><\/div><\/div><div class=\"fusion-layout-column fusion_builder_column fusion-builder-column-5 fusion_builder_column_1_5 1_5 fusion-flex-column\" style=\"--awb-bg-size:cover;--awb-width-large:20%;--awb-margin-top-large:0px;--awb-spacing-right-large:9.6%;--awb-margin-bottom-large:20px;--awb-spacing-left-large:9.6%;--awb-width-medium:20%;--awb-order-medium:0;--awb-spacing-right-medium:9.6%;--awb-spacing-left-medium:9.6%;--awb-width-small:100%;--awb-order-small:0;--awb-spacing-right-small:1.92%;--awb-spacing-left-small:1.92%;\"><div class=\"fusion-column-wrapper fusion-column-has-shadow fusion-flex-justify-content-flex-start fusion-content-layout-column\"><div class=\"fusion-image-element \" style=\"text-align:center;--awb-margin-bottom:10px;--awb-caption-title-font-family:var(--h2_typography-font-family);--awb-caption-title-font-weight:var(--h2_typography-font-weight);--awb-caption-title-font-style:var(--h2_typography-font-style);--awb-caption-title-size:var(--h2_typography-font-size);--awb-caption-title-transform:var(--h2_typography-text-transform);--awb-caption-title-line-height:var(--h2_typography-line-height);--awb-caption-title-letter-spacing:var(--h2_typography-letter-spacing);\"><span class=\" fusion-imageframe imageframe-none imageframe-4 hover-type-none\"><img decoding=\"async\" width=\"600\" height=\"600\"  src=\"https:\/\/www.alfaforni.com\/wp-content\/uploads\/2025\/12\/Silvia-Ortuso-1-600x600.jpg\" class=\"img-responsive wp-image-71543\" srcset=\"https:\/\/www.alfaforni.com\/wp-content\/uploads\/2025\/12\/Silvia-Ortuso-1-400x400.jpg 400w, https:\/\/www.alfaforni.com\/wp-content\/uploads\/2025\/12\/Silvia-Ortuso-1-600x600.jpg 600w, https:\/\/www.alfaforni.com\/wp-content\/uploads\/2025\/12\/Silvia-Ortuso-1-800x800.jpg 800w, https:\/\/www.alfaforni.com\/wp-content\/uploads\/2025\/12\/Silvia-Ortuso-1-1200x1200.jpg 1200w\" sizes=\"(max-width: 640px) 100vw, 600px\" alt=\"\"><\/span><\/div><div class=\"fusion-text fusion-text-7\"><p style=\"font-size: 14px; text-align: center;\"><strong>Silvia Ortuso<\/strong><\/p>\n<\/div><div class=\"fusion-text fusion-text-8\" style=\"--awb-margin-top:-20px;\"><p style=\"font-size: 11px; text-align: center;\"><em>Chief Financial Officer<\/em><\/p>\n<\/div><\/div><\/div><div class=\"fusion-layout-column fusion_builder_column fusion-builder-column-6 fusion_builder_column_1_5 1_5 fusion-flex-column\" style=\"--awb-bg-size:cover;--awb-width-large:20%;--awb-margin-top-large:0px;--awb-spacing-right-large:9.6%;--awb-margin-bottom-large:20px;--awb-spacing-left-large:9.6%;--awb-width-medium:20%;--awb-order-medium:0;--awb-spacing-right-medium:9.6%;--awb-spacing-left-medium:9.6%;--awb-width-small:100%;--awb-order-small:0;--awb-spacing-right-small:1.92%;--awb-spacing-left-small:1.92%;\"><div class=\"fusion-column-wrapper fusion-column-has-shadow fusion-flex-justify-content-flex-start fusion-content-layout-column\"><div class=\"fusion-image-element \" style=\"text-align:center;--awb-margin-bottom:10px;--awb-caption-title-font-family:var(--h2_typography-font-family);--awb-caption-title-font-weight:var(--h2_typography-font-weight);--awb-caption-title-font-style:var(--h2_typography-font-style);--awb-caption-title-size:var(--h2_typography-font-size);--awb-caption-title-transform:var(--h2_typography-text-transform);--awb-caption-title-line-height:var(--h2_typography-line-height);--awb-caption-title-letter-spacing:var(--h2_typography-letter-spacing);\"><span class=\" fusion-imageframe imageframe-none imageframe-5 hover-type-none\"><img decoding=\"async\" width=\"600\" height=\"600\"  src=\"https:\/\/www.alfaforni.com\/wp-content\/uploads\/2025\/12\/Fabrizio-Ortuso-1-600x600.jpg\" class=\"img-responsive wp-image-71559\" srcset=\"https:\/\/www.alfaforni.com\/wp-content\/uploads\/2025\/12\/Fabrizio-Ortuso-1-400x400.jpg 400w, https:\/\/www.alfaforni.com\/wp-content\/uploads\/2025\/12\/Fabrizio-Ortuso-1-600x600.jpg 600w, https:\/\/www.alfaforni.com\/wp-content\/uploads\/2025\/12\/Fabrizio-Ortuso-1-800x800.jpg 800w, https:\/\/www.alfaforni.com\/wp-content\/uploads\/2025\/12\/Fabrizio-Ortuso-1-1200x1200.jpg 1200w\" sizes=\"(max-width: 640px) 100vw, 600px\" alt=\"\"><\/span><\/div><div class=\"fusion-text fusion-text-9\"><p style=\"font-size: 14px; text-align: center;\"><strong>Fabrizio Ortuso<\/strong><\/p>\n<\/div><div class=\"fusion-text fusion-text-10\" style=\"--awb-margin-top:-20px;\"><p style=\"font-size: 11px; text-align: center;\"><em>Chief Operating Officer<\/em><\/p>\n<\/div><\/div><\/div><div class=\"fusion-layout-column fusion_builder_column fusion-builder-column-7 fusion_builder_column_1_5 1_5 fusion-flex-column\" style=\"--awb-bg-size:cover;--awb-width-large:20%;--awb-margin-top-large:0px;--awb-spacing-right-large:9.6%;--awb-margin-bottom-large:20px;--awb-spacing-left-large:9.6%;--awb-width-medium:20%;--awb-order-medium:0;--awb-spacing-right-medium:9.6%;--awb-spacing-left-medium:9.6%;--awb-width-small:100%;--awb-order-small:0;--awb-spacing-right-small:1.92%;--awb-spacing-left-small:1.92%;\"><div class=\"fusion-column-wrapper fusion-column-has-shadow fusion-flex-justify-content-flex-start fusion-content-layout-column\"><div class=\"fusion-image-element \" style=\"text-align:center;--awb-margin-bottom:10px;--awb-caption-title-font-family:var(--h2_typography-font-family);--awb-caption-title-font-weight:var(--h2_typography-font-weight);--awb-caption-title-font-style:var(--h2_typography-font-style);--awb-caption-title-size:var(--h2_typography-font-size);--awb-caption-title-transform:var(--h2_typography-text-transform);--awb-caption-title-line-height:var(--h2_typography-line-height);--awb-caption-title-letter-spacing:var(--h2_typography-letter-spacing);\"><span class=\" fusion-imageframe imageframe-none imageframe-6 hover-type-none\"><img decoding=\"async\" width=\"450\" height=\"450\"  src=\"https:\/\/www.alfaforni.com\/wp-content\/uploads\/2025\/12\/giulia.png\" class=\"img-responsive wp-image-71528\" srcset=\"https:\/\/www.alfaforni.com\/wp-content\/uploads\/2025\/12\/giulia-400x400.png 400w, https:\/\/www.alfaforni.com\/wp-content\/uploads\/2025\/12\/giulia.png 450w\" sizes=\"(max-width: 640px) 100vw, 450px\" alt=\"\"><\/span><\/div><div class=\"fusion-text fusion-text-11\"><p style=\"font-size: 14px; text-align: center;\"><strong>Giulia Lauro<\/strong><\/p>\n<\/div><div class=\"fusion-text fusion-text-12\" style=\"--awb-margin-top:-20px;\"><p style=\"font-size: 11px; text-align: center;\"><em>Chief Product Officer <\/em><\/p>\n<\/div><\/div><\/div><\/div><\/div><div class=\"fusion-fullwidth fullwidth-box fusion-builder-row-5 fusion-flex-container has-pattern-background has-mask-background nonhundred-percent-fullwidth non-hundred-percent-height-scrolling\" style=\"--awb-border-radius-top-left:0px;--awb-border-radius-top-right:0px;--awb-border-radius-bottom-right:0px;--awb-border-radius-bottom-left:0px;--awb-padding-bottom-medium:80px;--awb-padding-bottom-small:40px;--awb-flex-wrap:wrap;\" ><div class=\"fusion-builder-row fusion-row fusion-flex-align-items-flex-start fusion-flex-content-wrap\" style=\"max-width:1248px;margin-left: calc(-4% \/ 2 );margin-right: calc(-4% \/ 2 );\"><div class=\"fusion-layout-column fusion_builder_column fusion-builder-column-8 fusion_builder_column_1_1 1_1 fusion-flex-column\" style=\"--awb-bg-size:cover;--awb-width-large:100%;--awb-margin-top-large:0px;--awb-spacing-right-large:1.92%;--awb-margin-bottom-large:20px;--awb-spacing-left-large:1.92%;--awb-width-medium:100%;--awb-order-medium:0;--awb-spacing-right-medium:1.92%;--awb-spacing-left-medium:1.92%;--awb-width-small:100%;--awb-order-small:0;--awb-spacing-right-small:1.92%;--awb-spacing-left-small:1.92%;\"><div class=\"fusion-column-wrapper fusion-column-has-shadow fusion-flex-justify-content-flex-start fusion-content-layout-column\"><div class=\"fusion-text fusion-text-13 fusion-text-no-margin\" style=\"--awb-margin-bottom:80px;\"><h2 style=\"text-align: center;\">The A-Team<\/h2>\n<h3 style=\"text-align: center;\" data-start=\"1509\" data-end=\"1938\">Derri\u00e8re chaque four Alfa se trouve une \u00e9quipe de personnes qui travaillent chaque jour avec comp\u00e9tence, passion et esprit de collaboration.<\/h3>\n<p style=\"text-align: center;\" data-start=\"1672\" data-end=\"2004\">Dans les bureaux d\u2019Anagni, des professionnels du marketing, des ventes, des achats, de la finance et du service client collaborent \u00e9troitement avec les techniciens et les artisans du d\u00e9partement de production. Un dialogue constant entre ceux qui con\u00e7oivent, ceux qui fabriquent et ceux qui accompagnent le client, afin de garantir des produits qui allient esth\u00e9tique, performances et fiabilit\u00e9. La v\u00e9ritable force motrice d\u2019Alfa Forni, ce sont les personnes : des mains expertes, des esprits curieux et une passion partag\u00e9e pour le travail bien fait, pour l\u2019Italie et pour la chaleur qui na\u00eet autour du feu.<\/p>\n<\/div><div class=\"awb-gallery-wrapper awb-gallery-wrapper-1 button-span-no\" style=\"--more-btn-alignment:center;\"><div style=\"margin:-5px;--awb-bordersize:0px;\" class=\"fusion-gallery fusion-gallery-container fusion-grid-6 fusion-columns-total-34 fusion-gallery-layout-grid fusion-gallery-1\"><div style=\"padding:5px;\" class=\"fusion-grid-column fusion-gallery-column fusion-gallery-column-6\"><div class=\"fusion-gallery-image fusion-gallery-image-liftup\"><img decoding=\"async\" src=\"https:\/\/www.alfaforni.com\/wp-content\/uploads\/2025\/12\/Jessica-Concutelli.jpg\" width=\"2000\" height=\"2000\" alt=\"\"  aria-label=\"Jessica Concutelli\" class=\"img-responsive wp-image-71194\" srcset=\"https:\/\/www.alfaforni.com\/wp-content\/uploads\/2025\/12\/Jessica-Concutelli-400x400.jpg 400w, https:\/\/www.alfaforni.com\/wp-content\/uploads\/2025\/12\/Jessica-Concutelli-600x600.jpg 600w, https:\/\/www.alfaforni.com\/wp-content\/uploads\/2025\/12\/Jessica-Concutelli-800x800.jpg 800w, https:\/\/www.alfaforni.com\/wp-content\/uploads\/2025\/12\/Jessica-Concutelli-1200x1200.jpg 1200w, https:\/\/www.alfaforni.com\/wp-content\/uploads\/2025\/12\/Jessica-Concutelli.jpg 2000w\" sizes=\"(min-width: 2200px) 100vw, (min-width: 1000px) 196px, (min-width: 928px) 235px, (min-width: 856px) 294px, (min-width: 784px) 392px, (min-width: 712px) 588px, (min-width: 640px) 712px, \"><\/div><\/div><div style=\"padding:5px;\" class=\"fusion-grid-column fusion-gallery-column fusion-gallery-column-6\"><div class=\"fusion-gallery-image fusion-gallery-image-liftup\"><img decoding=\"async\" src=\"https:\/\/www.alfaforni.com\/wp-content\/uploads\/2025\/12\/Jessica-DAlvito.jpg\" width=\"2000\" height=\"2000\" alt=\"\"  aria-label=\"Jessica D&rsquo;Alvito\" class=\"img-responsive wp-image-71201\" srcset=\"https:\/\/www.alfaforni.com\/wp-content\/uploads\/2025\/12\/Jessica-DAlvito-400x400.jpg 400w, https:\/\/www.alfaforni.com\/wp-content\/uploads\/2025\/12\/Jessica-DAlvito-600x600.jpg 600w, https:\/\/www.alfaforni.com\/wp-content\/uploads\/2025\/12\/Jessica-DAlvito-800x800.jpg 800w, https:\/\/www.alfaforni.com\/wp-content\/uploads\/2025\/12\/Jessica-DAlvito-1200x1200.jpg 1200w, https:\/\/www.alfaforni.com\/wp-content\/uploads\/2025\/12\/Jessica-DAlvito.jpg 2000w\" sizes=\"(min-width: 2200px) 100vw, (min-width: 1000px) 196px, (min-width: 928px) 235px, (min-width: 856px) 294px, (min-width: 784px) 392px, (min-width: 712px) 588px, (min-width: 640px) 712px, \"><\/div><\/div><div style=\"padding:5px;\" class=\"fusion-grid-column fusion-gallery-column fusion-gallery-column-6\"><div class=\"fusion-gallery-image fusion-gallery-image-liftup\"><img decoding=\"async\" src=\"https:\/\/www.alfaforni.com\/wp-content\/uploads\/2025\/12\/Stefano-Evangelisti.jpg\" width=\"2000\" height=\"2000\" alt=\"\"  aria-label=\"Stefano Evangelisti\" class=\"img-responsive wp-image-71061\" srcset=\"https:\/\/www.alfaforni.com\/wp-content\/uploads\/2025\/12\/Stefano-Evangelisti-400x400.jpg 400w, https:\/\/www.alfaforni.com\/wp-content\/uploads\/2025\/12\/Stefano-Evangelisti-600x600.jpg 600w, https:\/\/www.alfaforni.com\/wp-content\/uploads\/2025\/12\/Stefano-Evangelisti-800x800.jpg 800w, https:\/\/www.alfaforni.com\/wp-content\/uploads\/2025\/12\/Stefano-Evangelisti-1200x1200.jpg 1200w, https:\/\/www.alfaforni.com\/wp-content\/uploads\/2025\/12\/Stefano-Evangelisti.jpg 2000w\" sizes=\"(min-width: 2200px) 100vw, (min-width: 1000px) 196px, (min-width: 928px) 235px, (min-width: 856px) 294px, (min-width: 784px) 392px, (min-width: 712px) 588px, (min-width: 640px) 712px, \"><\/div><\/div><div style=\"padding:5px;\" class=\"fusion-grid-column fusion-gallery-column fusion-gallery-column-6\"><div class=\"fusion-gallery-image fusion-gallery-image-liftup\"><img decoding=\"async\" src=\"https:\/\/www.alfaforni.com\/wp-content\/uploads\/2026\/02\/Stefanie-Hettich.jpg\" width=\"2000\" height=\"2000\" alt=\"\"  aria-label=\"Stefanie Hettich\" class=\"img-responsive wp-image-72798\" srcset=\"https:\/\/www.alfaforni.com\/wp-content\/uploads\/2026\/02\/Stefanie-Hettich-400x400.jpg 400w, https:\/\/www.alfaforni.com\/wp-content\/uploads\/2026\/02\/Stefanie-Hettich-600x600.jpg 600w, https:\/\/www.alfaforni.com\/wp-content\/uploads\/2026\/02\/Stefanie-Hettich-800x800.jpg 800w, https:\/\/www.alfaforni.com\/wp-content\/uploads\/2026\/02\/Stefanie-Hettich-1200x1200.jpg 1200w, https:\/\/www.alfaforni.com\/wp-content\/uploads\/2026\/02\/Stefanie-Hettich.jpg 2000w\" sizes=\"(min-width: 2200px) 100vw, (min-width: 1000px) 196px, (min-width: 928px) 235px, (min-width: 856px) 294px, (min-width: 784px) 392px, (min-width: 712px) 588px, (min-width: 640px) 712px, \"><\/div><\/div><div style=\"padding:5px;\" class=\"fusion-grid-column fusion-gallery-column fusion-gallery-column-6\"><div class=\"fusion-gallery-image fusion-gallery-image-liftup\"><img decoding=\"async\" src=\"https:\/\/www.alfaforni.com\/wp-content\/uploads\/2025\/12\/Ilaria-Valeri.jpg\" width=\"2000\" height=\"2000\" alt=\"\"  aria-label=\"Ilaria Valeri\" class=\"img-responsive wp-image-71187\" srcset=\"https:\/\/www.alfaforni.com\/wp-content\/uploads\/2025\/12\/Ilaria-Valeri-400x400.jpg 400w, https:\/\/www.alfaforni.com\/wp-content\/uploads\/2025\/12\/Ilaria-Valeri-600x600.jpg 600w, https:\/\/www.alfaforni.com\/wp-content\/uploads\/2025\/12\/Ilaria-Valeri-800x800.jpg 800w, https:\/\/www.alfaforni.com\/wp-content\/uploads\/2025\/12\/Ilaria-Valeri-1200x1200.jpg 1200w, https:\/\/www.alfaforni.com\/wp-content\/uploads\/2025\/12\/Ilaria-Valeri.jpg 2000w\" sizes=\"(min-width: 2200px) 100vw, (min-width: 1000px) 196px, (min-width: 928px) 235px, (min-width: 856px) 294px, (min-width: 784px) 392px, (min-width: 712px) 588px, (min-width: 640px) 712px, \"><\/div><\/div><div style=\"padding:5px;\" class=\"fusion-grid-column fusion-gallery-column fusion-gallery-column-6\"><div class=\"fusion-gallery-image fusion-gallery-image-liftup\"><img decoding=\"async\" src=\"https:\/\/www.alfaforni.com\/wp-content\/uploads\/2025\/12\/Davide-Corsetti.jpg\" width=\"2000\" height=\"2000\" alt=\"\"  aria-label=\"Davide Corsetti\" class=\"img-responsive wp-image-71427\" srcset=\"https:\/\/www.alfaforni.com\/wp-content\/uploads\/2025\/12\/Davide-Corsetti-400x400.jpg 400w, https:\/\/www.alfaforni.com\/wp-content\/uploads\/2025\/12\/Davide-Corsetti-600x600.jpg 600w, https:\/\/www.alfaforni.com\/wp-content\/uploads\/2025\/12\/Davide-Corsetti-800x800.jpg 800w, https:\/\/www.alfaforni.com\/wp-content\/uploads\/2025\/12\/Davide-Corsetti-1200x1200.jpg 1200w, https:\/\/www.alfaforni.com\/wp-content\/uploads\/2025\/12\/Davide-Corsetti.jpg 2000w\" sizes=\"(min-width: 2200px) 100vw, (min-width: 1000px) 196px, (min-width: 928px) 235px, (min-width: 856px) 294px, (min-width: 784px) 392px, (min-width: 712px) 588px, (min-width: 640px) 712px, \"><\/div><\/div><div class=\"clearfix\"><\/div><div style=\"padding:5px;\" class=\"fusion-grid-column fusion-gallery-column fusion-gallery-column-6\"><div class=\"fusion-gallery-image fusion-gallery-image-liftup\"><img decoding=\"async\" src=\"https:\/\/www.alfaforni.com\/wp-content\/uploads\/2026\/03\/Lars.jpg\" width=\"2000\" height=\"2000\" alt=\"\"  aria-label=\"Lars\" class=\"img-responsive wp-image-73581\" srcset=\"https:\/\/www.alfaforni.com\/wp-content\/uploads\/2026\/03\/Lars-400x400.jpg 400w, https:\/\/www.alfaforni.com\/wp-content\/uploads\/2026\/03\/Lars-600x600.jpg 600w, https:\/\/www.alfaforni.com\/wp-content\/uploads\/2026\/03\/Lars-800x800.jpg 800w, https:\/\/www.alfaforni.com\/wp-content\/uploads\/2026\/03\/Lars-1200x1200.jpg 1200w, https:\/\/www.alfaforni.com\/wp-content\/uploads\/2026\/03\/Lars.jpg 2000w\" sizes=\"(min-width: 2200px) 100vw, (min-width: 1000px) 196px, (min-width: 928px) 235px, (min-width: 856px) 294px, (min-width: 784px) 392px, (min-width: 712px) 588px, (min-width: 640px) 712px, \"><\/div><\/div><div style=\"padding:5px;\" class=\"fusion-grid-column fusion-gallery-column fusion-gallery-column-6\"><div class=\"fusion-gallery-image fusion-gallery-image-liftup\"><img decoding=\"async\" src=\"https:\/\/www.alfaforni.com\/wp-content\/uploads\/2025\/12\/Alessandro-Rosati.jpg\" width=\"2000\" height=\"2000\" alt=\"\"  aria-label=\"Alessandro Rosati\" class=\"img-responsive wp-image-71089\" srcset=\"https:\/\/www.alfaforni.com\/wp-content\/uploads\/2025\/12\/Alessandro-Rosati-400x400.jpg 400w, https:\/\/www.alfaforni.com\/wp-content\/uploads\/2025\/12\/Alessandro-Rosati-600x600.jpg 600w, https:\/\/www.alfaforni.com\/wp-content\/uploads\/2025\/12\/Alessandro-Rosati-800x800.jpg 800w, https:\/\/www.alfaforni.com\/wp-content\/uploads\/2025\/12\/Alessandro-Rosati-1200x1200.jpg 1200w, https:\/\/www.alfaforni.com\/wp-content\/uploads\/2025\/12\/Alessandro-Rosati.jpg 2000w\" sizes=\"(min-width: 2200px) 100vw, (min-width: 1000px) 196px, (min-width: 928px) 235px, (min-width: 856px) 294px, (min-width: 784px) 392px, (min-width: 712px) 588px, (min-width: 640px) 712px, \"><\/div><\/div><div style=\"padding:5px;\" class=\"fusion-grid-column fusion-gallery-column fusion-gallery-column-6\"><div class=\"fusion-gallery-image fusion-gallery-image-liftup\"><img decoding=\"async\" src=\"https:\/\/www.alfaforni.com\/wp-content\/uploads\/2025\/12\/Simona-Campagna.jpg\" width=\"2000\" height=\"2000\" alt=\"\"  aria-label=\"Simona Campagna\" class=\"img-responsive wp-image-71047\" srcset=\"https:\/\/www.alfaforni.com\/wp-content\/uploads\/2025\/12\/Simona-Campagna-400x400.jpg 400w, https:\/\/www.alfaforni.com\/wp-content\/uploads\/2025\/12\/Simona-Campagna-600x600.jpg 600w, https:\/\/www.alfaforni.com\/wp-content\/uploads\/2025\/12\/Simona-Campagna-800x800.jpg 800w, https:\/\/www.alfaforni.com\/wp-content\/uploads\/2025\/12\/Simona-Campagna-1200x1200.jpg 1200w, https:\/\/www.alfaforni.com\/wp-content\/uploads\/2025\/12\/Simona-Campagna.jpg 2000w\" sizes=\"(min-width: 2200px) 100vw, (min-width: 1000px) 196px, (min-width: 928px) 235px, (min-width: 856px) 294px, (min-width: 784px) 392px, (min-width: 712px) 588px, (min-width: 640px) 712px, \"><\/div><\/div><div style=\"padding:5px;\" class=\"fusion-grid-column fusion-gallery-column fusion-gallery-column-6\"><div class=\"fusion-gallery-image fusion-gallery-image-liftup\"><img decoding=\"async\" src=\"https:\/\/www.alfaforni.com\/wp-content\/uploads\/2025\/12\/Giulia-Vitelli.jpg\" width=\"2000\" height=\"2000\" alt=\"\"  aria-label=\"Giulia Vitelli\" class=\"img-responsive wp-image-71180\" srcset=\"https:\/\/www.alfaforni.com\/wp-content\/uploads\/2025\/12\/Giulia-Vitelli-400x400.jpg 400w, https:\/\/www.alfaforni.com\/wp-content\/uploads\/2025\/12\/Giulia-Vitelli-600x600.jpg 600w, https:\/\/www.alfaforni.com\/wp-content\/uploads\/2025\/12\/Giulia-Vitelli-800x800.jpg 800w, https:\/\/www.alfaforni.com\/wp-content\/uploads\/2025\/12\/Giulia-Vitelli-1200x1200.jpg 1200w, https:\/\/www.alfaforni.com\/wp-content\/uploads\/2025\/12\/Giulia-Vitelli.jpg 2000w\" sizes=\"(min-width: 2200px) 100vw, (min-width: 1000px) 196px, (min-width: 928px) 235px, (min-width: 856px) 294px, (min-width: 784px) 392px, (min-width: 712px) 588px, (min-width: 640px) 712px, \"><\/div><\/div><div style=\"padding:5px;\" class=\"fusion-grid-column fusion-gallery-column fusion-gallery-column-6\"><div class=\"fusion-gallery-image fusion-gallery-image-liftup\"><img decoding=\"async\" src=\"https:\/\/www.alfaforni.com\/wp-content\/uploads\/2025\/12\/Domenico-Marsella.jpg\" width=\"2000\" height=\"2000\" alt=\"\"  aria-label=\"Domenico Marsella\" class=\"img-responsive wp-image-71124\" srcset=\"https:\/\/www.alfaforni.com\/wp-content\/uploads\/2025\/12\/Domenico-Marsella-400x400.jpg 400w, https:\/\/www.alfaforni.com\/wp-content\/uploads\/2025\/12\/Domenico-Marsella-600x600.jpg 600w, https:\/\/www.alfaforni.com\/wp-content\/uploads\/2025\/12\/Domenico-Marsella-800x800.jpg 800w, https:\/\/www.alfaforni.com\/wp-content\/uploads\/2025\/12\/Domenico-Marsella-1200x1200.jpg 1200w, https:\/\/www.alfaforni.com\/wp-content\/uploads\/2025\/12\/Domenico-Marsella.jpg 2000w\" sizes=\"(min-width: 2200px) 100vw, (min-width: 1000px) 196px, (min-width: 928px) 235px, (min-width: 856px) 294px, (min-width: 784px) 392px, (min-width: 712px) 588px, (min-width: 640px) 712px, \"><\/div><\/div><div style=\"padding:5px;\" class=\"fusion-grid-column fusion-gallery-column fusion-gallery-column-6\"><div class=\"fusion-gallery-image fusion-gallery-image-liftup\"><img decoding=\"async\" src=\"https:\/\/www.alfaforni.com\/wp-content\/uploads\/2025\/12\/Giorgia-Di-Sora.jpg\" width=\"2000\" height=\"2000\" alt=\"\"  aria-label=\"Giorgia Di Sora\" class=\"img-responsive wp-image-71166\" srcset=\"https:\/\/www.alfaforni.com\/wp-content\/uploads\/2025\/12\/Giorgia-Di-Sora-400x400.jpg 400w, https:\/\/www.alfaforni.com\/wp-content\/uploads\/2025\/12\/Giorgia-Di-Sora-600x600.jpg 600w, https:\/\/www.alfaforni.com\/wp-content\/uploads\/2025\/12\/Giorgia-Di-Sora-800x800.jpg 800w, https:\/\/www.alfaforni.com\/wp-content\/uploads\/2025\/12\/Giorgia-Di-Sora-1200x1200.jpg 1200w, https:\/\/www.alfaforni.com\/wp-content\/uploads\/2025\/12\/Giorgia-Di-Sora.jpg 2000w\" sizes=\"(min-width: 2200px) 100vw, (min-width: 1000px) 196px, (min-width: 928px) 235px, (min-width: 856px) 294px, (min-width: 784px) 392px, (min-width: 712px) 588px, (min-width: 640px) 712px, \"><\/div><\/div><div class=\"clearfix\"><\/div><div style=\"padding:5px;\" class=\"fusion-grid-column fusion-gallery-column fusion-gallery-column-6\"><div class=\"fusion-gallery-image fusion-gallery-image-liftup\"><img decoding=\"async\" src=\"https:\/\/www.alfaforni.com\/wp-content\/uploads\/2025\/12\/Edoardo-Valente.jpg\" width=\"2000\" height=\"2000\" alt=\"\"  aria-label=\"Edoardo Valente\" class=\"img-responsive wp-image-71131\" srcset=\"https:\/\/www.alfaforni.com\/wp-content\/uploads\/2025\/12\/Edoardo-Valente-400x400.jpg 400w, https:\/\/www.alfaforni.com\/wp-content\/uploads\/2025\/12\/Edoardo-Valente-600x600.jpg 600w, https:\/\/www.alfaforni.com\/wp-content\/uploads\/2025\/12\/Edoardo-Valente-800x800.jpg 800w, https:\/\/www.alfaforni.com\/wp-content\/uploads\/2025\/12\/Edoardo-Valente-1200x1200.jpg 1200w, https:\/\/www.alfaforni.com\/wp-content\/uploads\/2025\/12\/Edoardo-Valente.jpg 2000w\" sizes=\"(min-width: 2200px) 100vw, (min-width: 1000px) 196px, (min-width: 928px) 235px, (min-width: 856px) 294px, (min-width: 784px) 392px, (min-width: 712px) 588px, (min-width: 640px) 712px, \"><\/div><\/div><div style=\"padding:5px;\" class=\"fusion-grid-column fusion-gallery-column fusion-gallery-column-6\"><div class=\"fusion-gallery-image fusion-gallery-image-liftup\"><img decoding=\"async\" src=\"https:\/\/www.alfaforni.com\/wp-content\/uploads\/2026\/02\/Anna-Best.jpg\" width=\"2000\" height=\"2000\" alt=\"\"  aria-label=\"Anna Best\" class=\"img-responsive wp-image-72805\" srcset=\"https:\/\/www.alfaforni.com\/wp-content\/uploads\/2026\/02\/Anna-Best-400x400.jpg 400w, https:\/\/www.alfaforni.com\/wp-content\/uploads\/2026\/02\/Anna-Best-600x600.jpg 600w, https:\/\/www.alfaforni.com\/wp-content\/uploads\/2026\/02\/Anna-Best-800x800.jpg 800w, https:\/\/www.alfaforni.com\/wp-content\/uploads\/2026\/02\/Anna-Best-1200x1200.jpg 1200w, https:\/\/www.alfaforni.com\/wp-content\/uploads\/2026\/02\/Anna-Best.jpg 2000w\" sizes=\"(min-width: 2200px) 100vw, (min-width: 1000px) 196px, (min-width: 928px) 235px, (min-width: 856px) 294px, (min-width: 784px) 392px, (min-width: 712px) 588px, (min-width: 640px) 712px, \"><\/div><\/div><div style=\"padding:5px;\" class=\"fusion-grid-column fusion-gallery-column fusion-gallery-column-6\"><div class=\"fusion-gallery-image fusion-gallery-image-liftup\"><img decoding=\"async\" src=\"https:\/\/www.alfaforni.com\/wp-content\/uploads\/2025\/12\/Antonella-Giovannini.jpg\" width=\"2000\" height=\"2000\" alt=\"\"  aria-label=\"Antonella Giovannini\" class=\"img-responsive wp-image-71096\" srcset=\"https:\/\/www.alfaforni.com\/wp-content\/uploads\/2025\/12\/Antonella-Giovannini-400x400.jpg 400w, https:\/\/www.alfaforni.com\/wp-content\/uploads\/2025\/12\/Antonella-Giovannini-600x600.jpg 600w, https:\/\/www.alfaforni.com\/wp-content\/uploads\/2025\/12\/Antonella-Giovannini-800x800.jpg 800w, https:\/\/www.alfaforni.com\/wp-content\/uploads\/2025\/12\/Antonella-Giovannini-1200x1200.jpg 1200w, https:\/\/www.alfaforni.com\/wp-content\/uploads\/2025\/12\/Antonella-Giovannini.jpg 2000w\" sizes=\"(min-width: 2200px) 100vw, (min-width: 1000px) 196px, (min-width: 928px) 235px, (min-width: 856px) 294px, (min-width: 784px) 392px, (min-width: 712px) 588px, (min-width: 640px) 712px, \"><\/div><\/div><div style=\"padding:5px;\" class=\"fusion-grid-column fusion-gallery-column fusion-gallery-column-6\"><div class=\"fusion-gallery-image fusion-gallery-image-liftup\"><img decoding=\"async\" src=\"https:\/\/www.alfaforni.com\/wp-content\/uploads\/2025\/12\/Agnese-Mizzoni.jpg\" width=\"2000\" height=\"2000\" alt=\"\"  aria-label=\"Agnese Mizzoni\" class=\"img-responsive wp-image-71075\" srcset=\"https:\/\/www.alfaforni.com\/wp-content\/uploads\/2025\/12\/Agnese-Mizzoni-400x400.jpg 400w, https:\/\/www.alfaforni.com\/wp-content\/uploads\/2025\/12\/Agnese-Mizzoni-600x600.jpg 600w, https:\/\/www.alfaforni.com\/wp-content\/uploads\/2025\/12\/Agnese-Mizzoni-800x800.jpg 800w, https:\/\/www.alfaforni.com\/wp-content\/uploads\/2025\/12\/Agnese-Mizzoni-1200x1200.jpg 1200w, https:\/\/www.alfaforni.com\/wp-content\/uploads\/2025\/12\/Agnese-Mizzoni.jpg 2000w\" sizes=\"(min-width: 2200px) 100vw, (min-width: 1000px) 196px, (min-width: 928px) 235px, (min-width: 856px) 294px, (min-width: 784px) 392px, (min-width: 712px) 588px, (min-width: 640px) 712px, \"><\/div><\/div><div style=\"padding:5px;\" class=\"fusion-grid-column fusion-gallery-column fusion-gallery-column-6\"><div class=\"fusion-gallery-image fusion-gallery-image-liftup\"><img decoding=\"async\" src=\"https:\/\/www.alfaforni.com\/wp-content\/uploads\/2026\/01\/Giulia-Ciangola.jpg\" width=\"2000\" height=\"2000\" alt=\"\"  aria-label=\"Giulia Ciangola\" class=\"img-responsive wp-image-71688\" srcset=\"https:\/\/www.alfaforni.com\/wp-content\/uploads\/2026\/01\/Giulia-Ciangola-400x400.jpg 400w, https:\/\/www.alfaforni.com\/wp-content\/uploads\/2026\/01\/Giulia-Ciangola-600x600.jpg 600w, https:\/\/www.alfaforni.com\/wp-content\/uploads\/2026\/01\/Giulia-Ciangola-800x800.jpg 800w, https:\/\/www.alfaforni.com\/wp-content\/uploads\/2026\/01\/Giulia-Ciangola-1200x1200.jpg 1200w, https:\/\/www.alfaforni.com\/wp-content\/uploads\/2026\/01\/Giulia-Ciangola.jpg 2000w\" sizes=\"(min-width: 2200px) 100vw, (min-width: 1000px) 196px, (min-width: 928px) 235px, (min-width: 856px) 294px, (min-width: 784px) 392px, (min-width: 712px) 588px, (min-width: 640px) 712px, \"><\/div><\/div><div style=\"padding:5px;\" class=\"fusion-grid-column fusion-gallery-column fusion-gallery-column-6\"><div class=\"fusion-gallery-image fusion-gallery-image-liftup\"><img decoding=\"async\" src=\"https:\/\/www.alfaforni.com\/wp-content\/uploads\/2025\/12\/Mirko-Mancini.jpg\" width=\"2000\" height=\"2000\" alt=\"\"  aria-label=\"Mirko Mancini\" class=\"img-responsive wp-image-71441\" srcset=\"https:\/\/www.alfaforni.com\/wp-content\/uploads\/2025\/12\/Mirko-Mancini-400x400.jpg 400w, https:\/\/www.alfaforni.com\/wp-content\/uploads\/2025\/12\/Mirko-Mancini-600x600.jpg 600w, https:\/\/www.alfaforni.com\/wp-content\/uploads\/2025\/12\/Mirko-Mancini-800x800.jpg 800w, https:\/\/www.alfaforni.com\/wp-content\/uploads\/2025\/12\/Mirko-Mancini-1200x1200.jpg 1200w, https:\/\/www.alfaforni.com\/wp-content\/uploads\/2025\/12\/Mirko-Mancini.jpg 2000w\" sizes=\"(min-width: 2200px) 100vw, (min-width: 1000px) 196px, (min-width: 928px) 235px, (min-width: 856px) 294px, (min-width: 784px) 392px, (min-width: 712px) 588px, (min-width: 640px) 712px, \"><\/div><\/div><div class=\"clearfix\"><\/div><div style=\"padding:5px;\" class=\"fusion-grid-column fusion-gallery-column fusion-gallery-column-6\"><div class=\"fusion-gallery-image fusion-gallery-image-liftup\"><img decoding=\"async\" src=\"https:\/\/www.alfaforni.com\/wp-content\/uploads\/2025\/12\/Giulia-Arci.jpg\" width=\"2000\" height=\"2000\" alt=\"\"  aria-label=\"Giulia Arci\" class=\"img-responsive wp-image-71173\" srcset=\"https:\/\/www.alfaforni.com\/wp-content\/uploads\/2025\/12\/Giulia-Arci-400x400.jpg 400w, https:\/\/www.alfaforni.com\/wp-content\/uploads\/2025\/12\/Giulia-Arci-600x600.jpg 600w, https:\/\/www.alfaforni.com\/wp-content\/uploads\/2025\/12\/Giulia-Arci-800x800.jpg 800w, https:\/\/www.alfaforni.com\/wp-content\/uploads\/2025\/12\/Giulia-Arci-1200x1200.jpg 1200w, https:\/\/www.alfaforni.com\/wp-content\/uploads\/2025\/12\/Giulia-Arci.jpg 2000w\" sizes=\"(min-width: 2200px) 100vw, (min-width: 1000px) 196px, (min-width: 928px) 235px, (min-width: 856px) 294px, (min-width: 784px) 392px, (min-width: 712px) 588px, (min-width: 640px) 712px, \"><\/div><\/div><div style=\"padding:5px;\" class=\"fusion-grid-column fusion-gallery-column fusion-gallery-column-6\"><div class=\"fusion-gallery-image fusion-gallery-image-liftup\"><img decoding=\"async\" src=\"https:\/\/www.alfaforni.com\/wp-content\/uploads\/2025\/12\/Patrizia-Giovannini-1.jpg\" width=\"2000\" height=\"2000\" alt=\"\"  aria-label=\"Patrizia Giovannini\" class=\"img-responsive wp-image-71420\" srcset=\"https:\/\/www.alfaforni.com\/wp-content\/uploads\/2025\/12\/Patrizia-Giovannini-1-400x400.jpg 400w, https:\/\/www.alfaforni.com\/wp-content\/uploads\/2025\/12\/Patrizia-Giovannini-1-600x600.jpg 600w, https:\/\/www.alfaforni.com\/wp-content\/uploads\/2025\/12\/Patrizia-Giovannini-1-800x800.jpg 800w, https:\/\/www.alfaforni.com\/wp-content\/uploads\/2025\/12\/Patrizia-Giovannini-1-1200x1200.jpg 1200w, https:\/\/www.alfaforni.com\/wp-content\/uploads\/2025\/12\/Patrizia-Giovannini-1.jpg 2000w\" sizes=\"(min-width: 2200px) 100vw, (min-width: 1000px) 196px, (min-width: 928px) 235px, (min-width: 856px) 294px, (min-width: 784px) 392px, (min-width: 712px) 588px, (min-width: 640px) 712px, \"><\/div><\/div><div style=\"padding:5px;\" class=\"fusion-grid-column fusion-gallery-column fusion-gallery-column-6\"><div class=\"fusion-gallery-image fusion-gallery-image-liftup\"><img decoding=\"async\" src=\"https:\/\/www.alfaforni.com\/wp-content\/uploads\/2025\/12\/Francesco-Donaggio.jpg\" width=\"2000\" height=\"2000\" alt=\"\"  aria-label=\"Francesco Donaggio\" class=\"img-responsive wp-image-71434\" srcset=\"https:\/\/www.alfaforni.com\/wp-content\/uploads\/2025\/12\/Francesco-Donaggio-400x400.jpg 400w, https:\/\/www.alfaforni.com\/wp-content\/uploads\/2025\/12\/Francesco-Donaggio-600x600.jpg 600w, https:\/\/www.alfaforni.com\/wp-content\/uploads\/2025\/12\/Francesco-Donaggio-800x800.jpg 800w, https:\/\/www.alfaforni.com\/wp-content\/uploads\/2025\/12\/Francesco-Donaggio-1200x1200.jpg 1200w, https:\/\/www.alfaforni.com\/wp-content\/uploads\/2025\/12\/Francesco-Donaggio.jpg 2000w\" sizes=\"(min-width: 2200px) 100vw, (min-width: 1000px) 196px, (min-width: 928px) 235px, (min-width: 856px) 294px, (min-width: 784px) 392px, (min-width: 712px) 588px, (min-width: 640px) 712px, \"><\/div><\/div><div style=\"padding:5px;\" class=\"fusion-grid-column fusion-gallery-column fusion-gallery-column-6\"><div class=\"fusion-gallery-image fusion-gallery-image-liftup\"><img decoding=\"async\" src=\"https:\/\/www.alfaforni.com\/wp-content\/uploads\/2025\/12\/Gabriele-Quattrociocchi.jpg\" width=\"2000\" height=\"2000\" alt=\"\"  aria-label=\"Gabriele Quattrociocchi\" class=\"img-responsive wp-image-71138\" srcset=\"https:\/\/www.alfaforni.com\/wp-content\/uploads\/2025\/12\/Gabriele-Quattrociocchi-400x400.jpg 400w, https:\/\/www.alfaforni.com\/wp-content\/uploads\/2025\/12\/Gabriele-Quattrociocchi-600x600.jpg 600w, https:\/\/www.alfaforni.com\/wp-content\/uploads\/2025\/12\/Gabriele-Quattrociocchi-800x800.jpg 800w, https:\/\/www.alfaforni.com\/wp-content\/uploads\/2025\/12\/Gabriele-Quattrociocchi-1200x1200.jpg 1200w, https:\/\/www.alfaforni.com\/wp-content\/uploads\/2025\/12\/Gabriele-Quattrociocchi.jpg 2000w\" sizes=\"(min-width: 2200px) 100vw, (min-width: 1000px) 196px, (min-width: 928px) 235px, (min-width: 856px) 294px, (min-width: 784px) 392px, (min-width: 712px) 588px, (min-width: 640px) 712px, \"><\/div><\/div><div style=\"padding:5px;\" class=\"fusion-grid-column fusion-gallery-column fusion-gallery-column-6\"><div class=\"fusion-gallery-image fusion-gallery-image-liftup\"><img decoding=\"async\" src=\"https:\/\/www.alfaforni.com\/wp-content\/uploads\/2025\/12\/Santo-Chirico.jpg\" width=\"2000\" height=\"2000\" alt=\"\"  aria-label=\"Santo Chirico\" class=\"img-responsive wp-image-71222\" srcset=\"https:\/\/www.alfaforni.com\/wp-content\/uploads\/2025\/12\/Santo-Chirico-400x400.jpg 400w, https:\/\/www.alfaforni.com\/wp-content\/uploads\/2025\/12\/Santo-Chirico-600x600.jpg 600w, https:\/\/www.alfaforni.com\/wp-content\/uploads\/2025\/12\/Santo-Chirico-800x800.jpg 800w, https:\/\/www.alfaforni.com\/wp-content\/uploads\/2025\/12\/Santo-Chirico-1200x1200.jpg 1200w, https:\/\/www.alfaforni.com\/wp-content\/uploads\/2025\/12\/Santo-Chirico.jpg 2000w\" sizes=\"(min-width: 2200px) 100vw, (min-width: 1000px) 196px, (min-width: 928px) 235px, (min-width: 856px) 294px, (min-width: 784px) 392px, (min-width: 712px) 588px, (min-width: 640px) 712px, \"><\/div><\/div><div style=\"padding:5px;\" class=\"fusion-grid-column fusion-gallery-column fusion-gallery-column-6\"><div class=\"fusion-gallery-image fusion-gallery-image-liftup\"><img decoding=\"async\" src=\"https:\/\/www.alfaforni.com\/wp-content\/uploads\/2025\/12\/Chiara-Corsetti.jpg\" width=\"2000\" height=\"2000\" alt=\"\"  aria-label=\"Chiara Corsetti\" class=\"img-responsive wp-image-71110\" srcset=\"https:\/\/www.alfaforni.com\/wp-content\/uploads\/2025\/12\/Chiara-Corsetti-400x400.jpg 400w, https:\/\/www.alfaforni.com\/wp-content\/uploads\/2025\/12\/Chiara-Corsetti-600x600.jpg 600w, https:\/\/www.alfaforni.com\/wp-content\/uploads\/2025\/12\/Chiara-Corsetti-800x800.jpg 800w, https:\/\/www.alfaforni.com\/wp-content\/uploads\/2025\/12\/Chiara-Corsetti-1200x1200.jpg 1200w, https:\/\/www.alfaforni.com\/wp-content\/uploads\/2025\/12\/Chiara-Corsetti.jpg 2000w\" sizes=\"(min-width: 2200px) 100vw, (min-width: 1000px) 196px, (min-width: 928px) 235px, (min-width: 856px) 294px, (min-width: 784px) 392px, (min-width: 712px) 588px, (min-width: 640px) 712px, \"><\/div><\/div><div class=\"clearfix\"><\/div><div style=\"padding:5px;\" class=\"fusion-grid-column fusion-gallery-column fusion-gallery-column-6\"><div class=\"fusion-gallery-image fusion-gallery-image-liftup\"><img decoding=\"async\" src=\"https:\/\/www.alfaforni.com\/wp-content\/uploads\/2025\/12\/Valerio-Terrinoni.jpg\" width=\"2000\" height=\"2000\" alt=\"\"  aria-label=\"Valerio Terrinoni\" class=\"img-responsive wp-image-71068\" srcset=\"https:\/\/www.alfaforni.com\/wp-content\/uploads\/2025\/12\/Valerio-Terrinoni-400x400.jpg 400w, https:\/\/www.alfaforni.com\/wp-content\/uploads\/2025\/12\/Valerio-Terrinoni-600x600.jpg 600w, https:\/\/www.alfaforni.com\/wp-content\/uploads\/2025\/12\/Valerio-Terrinoni-800x800.jpg 800w, https:\/\/www.alfaforni.com\/wp-content\/uploads\/2025\/12\/Valerio-Terrinoni-1200x1200.jpg 1200w, https:\/\/www.alfaforni.com\/wp-content\/uploads\/2025\/12\/Valerio-Terrinoni.jpg 2000w\" sizes=\"(min-width: 2200px) 100vw, (min-width: 1000px) 196px, (min-width: 928px) 235px, (min-width: 856px) 294px, (min-width: 784px) 392px, (min-width: 712px) 588px, (min-width: 640px) 712px, \"><\/div><\/div><div style=\"padding:5px;\" class=\"fusion-grid-column fusion-gallery-column fusion-gallery-column-6\"><div class=\"fusion-gallery-image fusion-gallery-image-liftup\"><img decoding=\"async\" src=\"https:\/\/www.alfaforni.com\/wp-content\/uploads\/2025\/12\/Alessandro-DAscenzi.jpg\" width=\"2000\" height=\"2000\" alt=\"\"  aria-label=\"Alessandro D&rsquo;Ascenzi\" class=\"img-responsive wp-image-71082\" srcset=\"https:\/\/www.alfaforni.com\/wp-content\/uploads\/2025\/12\/Alessandro-DAscenzi-400x400.jpg 400w, https:\/\/www.alfaforni.com\/wp-content\/uploads\/2025\/12\/Alessandro-DAscenzi-600x600.jpg 600w, https:\/\/www.alfaforni.com\/wp-content\/uploads\/2025\/12\/Alessandro-DAscenzi-800x800.jpg 800w, https:\/\/www.alfaforni.com\/wp-content\/uploads\/2025\/12\/Alessandro-DAscenzi-1200x1200.jpg 1200w, https:\/\/www.alfaforni.com\/wp-content\/uploads\/2025\/12\/Alessandro-DAscenzi.jpg 2000w\" sizes=\"(min-width: 2200px) 100vw, (min-width: 1000px) 196px, (min-width: 928px) 235px, (min-width: 856px) 294px, (min-width: 784px) 392px, (min-width: 712px) 588px, (min-width: 640px) 712px, \"><\/div><\/div><div style=\"padding:5px;\" class=\"fusion-grid-column fusion-gallery-column fusion-gallery-column-6\"><div class=\"fusion-gallery-image fusion-gallery-image-liftup\"><img decoding=\"async\" src=\"https:\/\/www.alfaforni.com\/wp-content\/uploads\/2025\/12\/Gianluca-Iacobelli.jpg\" width=\"2000\" height=\"2000\" alt=\"\"  aria-label=\"Gianluca Iacobelli\" class=\"img-responsive wp-image-71152\" srcset=\"https:\/\/www.alfaforni.com\/wp-content\/uploads\/2025\/12\/Gianluca-Iacobelli-400x400.jpg 400w, https:\/\/www.alfaforni.com\/wp-content\/uploads\/2025\/12\/Gianluca-Iacobelli-600x600.jpg 600w, https:\/\/www.alfaforni.com\/wp-content\/uploads\/2025\/12\/Gianluca-Iacobelli-800x800.jpg 800w, https:\/\/www.alfaforni.com\/wp-content\/uploads\/2025\/12\/Gianluca-Iacobelli-1200x1200.jpg 1200w, https:\/\/www.alfaforni.com\/wp-content\/uploads\/2025\/12\/Gianluca-Iacobelli.jpg 2000w\" sizes=\"(min-width: 2200px) 100vw, (min-width: 1000px) 196px, (min-width: 928px) 235px, (min-width: 856px) 294px, (min-width: 784px) 392px, (min-width: 712px) 588px, (min-width: 640px) 712px, \"><\/div><\/div><div style=\"padding:5px;\" class=\"fusion-grid-column fusion-gallery-column fusion-gallery-column-6\"><div class=\"fusion-gallery-image fusion-gallery-image-liftup\"><img decoding=\"async\" src=\"https:\/\/www.alfaforni.com\/wp-content\/uploads\/2026\/02\/Stefan-Spriesterbach.jpg\" width=\"2000\" height=\"2000\" alt=\"\"  aria-label=\"Stefan Spriesterbach\" class=\"img-responsive wp-image-72791\" srcset=\"https:\/\/www.alfaforni.com\/wp-content\/uploads\/2026\/02\/Stefan-Spriesterbach-400x400.jpg 400w, https:\/\/www.alfaforni.com\/wp-content\/uploads\/2026\/02\/Stefan-Spriesterbach-600x600.jpg 600w, https:\/\/www.alfaforni.com\/wp-content\/uploads\/2026\/02\/Stefan-Spriesterbach-800x800.jpg 800w, https:\/\/www.alfaforni.com\/wp-content\/uploads\/2026\/02\/Stefan-Spriesterbach-1200x1200.jpg 1200w, https:\/\/www.alfaforni.com\/wp-content\/uploads\/2026\/02\/Stefan-Spriesterbach.jpg 2000w\" sizes=\"(min-width: 2200px) 100vw, (min-width: 1000px) 196px, (min-width: 928px) 235px, (min-width: 856px) 294px, (min-width: 784px) 392px, (min-width: 712px) 588px, (min-width: 640px) 712px, \"><\/div><\/div><div style=\"padding:5px;\" class=\"fusion-grid-column fusion-gallery-column fusion-gallery-column-6\"><div class=\"fusion-gallery-image fusion-gallery-image-liftup\"><img decoding=\"async\" src=\"https:\/\/www.alfaforni.com\/wp-content\/uploads\/2025\/12\/Gianfranco-Tavolario.jpg\" width=\"2000\" height=\"2000\" alt=\"\"  aria-label=\"Gianfranco Tavolario\" class=\"img-responsive wp-image-71145\" srcset=\"https:\/\/www.alfaforni.com\/wp-content\/uploads\/2025\/12\/Gianfranco-Tavolario-400x400.jpg 400w, https:\/\/www.alfaforni.com\/wp-content\/uploads\/2025\/12\/Gianfranco-Tavolario-600x600.jpg 600w, https:\/\/www.alfaforni.com\/wp-content\/uploads\/2025\/12\/Gianfranco-Tavolario-800x800.jpg 800w, https:\/\/www.alfaforni.com\/wp-content\/uploads\/2025\/12\/Gianfranco-Tavolario-1200x1200.jpg 1200w, https:\/\/www.alfaforni.com\/wp-content\/uploads\/2025\/12\/Gianfranco-Tavolario.jpg 2000w\" sizes=\"(min-width: 2200px) 100vw, (min-width: 1000px) 196px, (min-width: 928px) 235px, (min-width: 856px) 294px, (min-width: 784px) 392px, (min-width: 712px) 588px, (min-width: 640px) 712px, \"><\/div><\/div><div style=\"padding:5px;\" class=\"fusion-grid-column fusion-gallery-column fusion-gallery-column-6\"><div class=\"fusion-gallery-image fusion-gallery-image-liftup\"><img decoding=\"async\" src=\"https:\/\/www.alfaforni.com\/wp-content\/uploads\/2026\/03\/angelo.jpg\" width=\"2000\" height=\"2000\" alt=\"\"  aria-label=\"angelo\" class=\"img-responsive wp-image-73589\" srcset=\"https:\/\/www.alfaforni.com\/wp-content\/uploads\/2026\/03\/angelo-400x400.jpg 400w, https:\/\/www.alfaforni.com\/wp-content\/uploads\/2026\/03\/angelo-600x600.jpg 600w, https:\/\/www.alfaforni.com\/wp-content\/uploads\/2026\/03\/angelo-800x800.jpg 800w, https:\/\/www.alfaforni.com\/wp-content\/uploads\/2026\/03\/angelo-1200x1200.jpg 1200w, https:\/\/www.alfaforni.com\/wp-content\/uploads\/2026\/03\/angelo.jpg 2000w\" sizes=\"(min-width: 2200px) 100vw, (min-width: 1000px) 196px, (min-width: 928px) 235px, (min-width: 856px) 294px, (min-width: 784px) 392px, (min-width: 712px) 588px, (min-width: 640px) 712px, \"><\/div><\/div><div class=\"clearfix\"><\/div><div style=\"padding:5px;\" class=\"fusion-grid-column fusion-gallery-column fusion-gallery-column-6\"><div class=\"fusion-gallery-image fusion-gallery-image-liftup\"><img decoding=\"async\" src=\"https:\/\/www.alfaforni.com\/wp-content\/uploads\/2025\/12\/Chiara-Giacomi.jpg\" width=\"2000\" height=\"2000\" alt=\"\"  aria-label=\"Chiara Giacomi\" class=\"img-responsive wp-image-71117\" srcset=\"https:\/\/www.alfaforni.com\/wp-content\/uploads\/2025\/12\/Chiara-Giacomi-400x400.jpg 400w, https:\/\/www.alfaforni.com\/wp-content\/uploads\/2025\/12\/Chiara-Giacomi-600x600.jpg 600w, https:\/\/www.alfaforni.com\/wp-content\/uploads\/2025\/12\/Chiara-Giacomi-800x800.jpg 800w, https:\/\/www.alfaforni.com\/wp-content\/uploads\/2025\/12\/Chiara-Giacomi-1200x1200.jpg 1200w, https:\/\/www.alfaforni.com\/wp-content\/uploads\/2025\/12\/Chiara-Giacomi.jpg 2000w\" sizes=\"(min-width: 2200px) 100vw, (min-width: 1000px) 196px, (min-width: 928px) 235px, (min-width: 856px) 294px, (min-width: 784px) 392px, (min-width: 712px) 588px, (min-width: 640px) 712px, \"><\/div><\/div><div style=\"padding:5px;\" class=\"fusion-grid-column fusion-gallery-column fusion-gallery-column-6\"><div class=\"fusion-gallery-image fusion-gallery-image-liftup\"><img decoding=\"async\" src=\"https:\/\/www.alfaforni.com\/wp-content\/uploads\/2025\/12\/Antonio-Maiolo.jpg\" width=\"2000\" height=\"2000\" alt=\"\"  aria-label=\"Antonio Maiolo\" class=\"img-responsive wp-image-71103\" srcset=\"https:\/\/www.alfaforni.com\/wp-content\/uploads\/2025\/12\/Antonio-Maiolo-400x400.jpg 400w, https:\/\/www.alfaforni.com\/wp-content\/uploads\/2025\/12\/Antonio-Maiolo-600x600.jpg 600w, https:\/\/www.alfaforni.com\/wp-content\/uploads\/2025\/12\/Antonio-Maiolo-800x800.jpg 800w, https:\/\/www.alfaforni.com\/wp-content\/uploads\/2025\/12\/Antonio-Maiolo-1200x1200.jpg 1200w, https:\/\/www.alfaforni.com\/wp-content\/uploads\/2025\/12\/Antonio-Maiolo.jpg 2000w\" sizes=\"(min-width: 2200px) 100vw, (min-width: 1000px) 196px, (min-width: 928px) 235px, (min-width: 856px) 294px, (min-width: 784px) 392px, (min-width: 712px) 588px, (min-width: 640px) 712px, \"><\/div><\/div><div style=\"padding:5px;\" class=\"fusion-grid-column fusion-gallery-column fusion-gallery-column-6\"><div class=\"fusion-gallery-image fusion-gallery-image-liftup\"><img decoding=\"async\" src=\"https:\/\/www.alfaforni.com\/wp-content\/uploads\/2025\/12\/Morena-Valente.jpg\" width=\"2000\" height=\"2000\" alt=\"\"  aria-label=\"Morena Valente\" class=\"img-responsive wp-image-71208\" srcset=\"https:\/\/www.alfaforni.com\/wp-content\/uploads\/2025\/12\/Morena-Valente-400x400.jpg 400w, https:\/\/www.alfaforni.com\/wp-content\/uploads\/2025\/12\/Morena-Valente-600x600.jpg 600w, https:\/\/www.alfaforni.com\/wp-content\/uploads\/2025\/12\/Morena-Valente-800x800.jpg 800w, https:\/\/www.alfaforni.com\/wp-content\/uploads\/2025\/12\/Morena-Valente-1200x1200.jpg 1200w, https:\/\/www.alfaforni.com\/wp-content\/uploads\/2025\/12\/Morena-Valente.jpg 2000w\" sizes=\"(min-width: 2200px) 100vw, (min-width: 1000px) 196px, (min-width: 928px) 235px, (min-width: 856px) 294px, (min-width: 784px) 392px, (min-width: 712px) 588px, (min-width: 640px) 712px, \"><\/div><\/div><div style=\"padding:5px;\" class=\"fusion-grid-column fusion-gallery-column fusion-gallery-column-6\"><div class=\"fusion-gallery-image fusion-gallery-image-liftup\"><img decoding=\"async\" src=\"https:\/\/www.alfaforni.com\/wp-content\/uploads\/2025\/12\/Simona-Loffredi.jpg\" width=\"2000\" height=\"2000\" alt=\"\"  aria-label=\"Simona Loffredi\" class=\"img-responsive wp-image-71054\" srcset=\"https:\/\/www.alfaforni.com\/wp-content\/uploads\/2025\/12\/Simona-Loffredi-400x400.jpg 400w, https:\/\/www.alfaforni.com\/wp-content\/uploads\/2025\/12\/Simona-Loffredi-600x600.jpg 600w, https:\/\/www.alfaforni.com\/wp-content\/uploads\/2025\/12\/Simona-Loffredi-800x800.jpg 800w, https:\/\/www.alfaforni.com\/wp-content\/uploads\/2025\/12\/Simona-Loffredi-1200x1200.jpg 1200w, https:\/\/www.alfaforni.com\/wp-content\/uploads\/2025\/12\/Simona-Loffredi.jpg 2000w\" sizes=\"(min-width: 2200px) 100vw, (min-width: 1000px) 196px, (min-width: 928px) 235px, (min-width: 856px) 294px, (min-width: 784px) 392px, (min-width: 712px) 588px, (min-width: 640px) 712px, \"><\/div><\/div><\/div><\/div><div class=\"fusion-text fusion-text-14 fusion-text-no-margin\" style=\"--awb-margin-top:150px;--awb-margin-bottom:80px;\"><h2 style=\"text-align: center;\">Artisans avec le feu en eux<\/h2>\n<h3 style=\"text-align: center;\" data-start=\"1509\" data-end=\"1938\">\u00catre artisan aujourd\u2019hui signifie savoir unir cr\u00e9ativit\u00e9, comp\u00e9tence technique et souci du d\u00e9tail.<br data-start=\"2214\" data-end=\"2217\" \/>Cela signifie transformer l\u2019exp\u00e9rience en valeur et la tradition en point de d\u00e9part pour innover.<\/h3>\n<p style=\"text-align: center;\" data-start=\"1509\" data-end=\"1938\">Les fours Alfa sont r\u00e9alis\u00e9s par des mains italiennes expertes et naissent d\u2019une collaboration constante avec des artisans hautement sp\u00e9cialis\u00e9s. C\u2019est gr\u00e2ce \u00e0 ce patrimoine de connaissances que l\u2019entreprise peut regarder avec fiert\u00e9 et conscience pr\u00e8s de 50 ans d\u2019histoire. Un savoir transmis au fil du temps, guid\u00e9 par une vision capable d\u2019allier respect du pass\u00e9 et attention port\u00e9e \u00e0 l\u2019avenir.<\/p>\n<\/div><\/div><\/div><\/div><\/div><div class=\"fusion-fullwidth fullwidth-box fusion-builder-row-6 fusion-flex-container has-pattern-background has-mask-background nonhundred-percent-fullwidth non-hundred-percent-height-scrolling\" style=\"--awb-border-radius-top-left:0px;--awb-border-radius-top-right:0px;--awb-border-radius-bottom-right:0px;--awb-border-radius-bottom-left:0px;--awb-padding-bottom:120px;--awb-padding-bottom-medium:80px;--awb-padding-bottom-small:40px;--awb-flex-wrap:wrap;\" ><div class=\"fusion-builder-row fusion-row fusion-flex-align-items-flex-start fusion-flex-content-wrap\" style=\"max-width:1248px;margin-left: calc(-4% \/ 2 );margin-right: calc(-4% \/ 2 );\"><div class=\"fusion-layout-column fusion_builder_column fusion-builder-column-9 fusion_builder_column_1_1 1_1 fusion-flex-column\" style=\"--awb-bg-size:cover;--awb-width-large:100%;--awb-margin-top-large:0px;--awb-spacing-right-large:1.92%;--awb-margin-bottom-large:20px;--awb-spacing-left-large:1.92%;--awb-width-medium:100%;--awb-order-medium:0;--awb-spacing-right-medium:1.92%;--awb-spacing-left-medium:1.92%;--awb-width-small:100%;--awb-order-small:0;--awb-spacing-right-small:1.92%;--awb-spacing-left-small:1.92%;\"><div class=\"fusion-column-wrapper fusion-column-has-shadow fusion-flex-justify-content-flex-start fusion-content-layout-column\"><div class=\"awb-gallery-wrapper awb-gallery-wrapper-2 button-span-no\" style=\"--more-btn-alignment:center;\"><div style=\"margin:-5px;--awb-bordersize:0px;\" class=\"fusion-gallery fusion-gallery-container fusion-grid-5 fusion-columns-total-20 fusion-gallery-layout-grid fusion-gallery-2\"><div style=\"padding:5px;\" class=\"fusion-grid-column fusion-gallery-column fusion-gallery-column-5\"><div class=\"fusion-gallery-image fusion-gallery-image-liftup\"><img decoding=\"async\" src=\"https:\/\/www.alfaforni.com\/wp-content\/uploads\/2025\/12\/Lorenzo-Pennacchia.jpg\" width=\"2000\" height=\"2000\" alt=\"\"  aria-label=\"Lorenzo Pennacchia\" class=\"img-responsive wp-image-71356\" srcset=\"https:\/\/www.alfaforni.com\/wp-content\/uploads\/2025\/12\/Lorenzo-Pennacchia-400x400.jpg 400w, https:\/\/www.alfaforni.com\/wp-content\/uploads\/2025\/12\/Lorenzo-Pennacchia-600x600.jpg 600w, https:\/\/www.alfaforni.com\/wp-content\/uploads\/2025\/12\/Lorenzo-Pennacchia-800x800.jpg 800w, https:\/\/www.alfaforni.com\/wp-content\/uploads\/2025\/12\/Lorenzo-Pennacchia-1200x1200.jpg 1200w, https:\/\/www.alfaforni.com\/wp-content\/uploads\/2025\/12\/Lorenzo-Pennacchia.jpg 2000w\" sizes=\"(min-width: 2200px) 100vw, (min-width: 928px) 236px, (min-width: 856px) 295px, (min-width: 784px) 393px, (min-width: 712px) 590px, (min-width: 640px) 712px, \"><\/div><\/div><div class=\"clearfix\"><\/div><div style=\"padding:5px;\" class=\"fusion-grid-column fusion-gallery-column fusion-gallery-column-5\"><div class=\"fusion-gallery-image fusion-gallery-image-liftup\"><img decoding=\"async\" src=\"https:\/\/www.alfaforni.com\/wp-content\/uploads\/2025\/12\/Daniele-Ballini.jpg\" width=\"2000\" height=\"2000\" alt=\"\"  aria-label=\"Daniele Ballini\" class=\"img-responsive wp-image-71328\" srcset=\"https:\/\/www.alfaforni.com\/wp-content\/uploads\/2025\/12\/Daniele-Ballini-400x400.jpg 400w, https:\/\/www.alfaforni.com\/wp-content\/uploads\/2025\/12\/Daniele-Ballini-600x600.jpg 600w, https:\/\/www.alfaforni.com\/wp-content\/uploads\/2025\/12\/Daniele-Ballini-800x800.jpg 800w, https:\/\/www.alfaforni.com\/wp-content\/uploads\/2025\/12\/Daniele-Ballini-1200x1200.jpg 1200w, https:\/\/www.alfaforni.com\/wp-content\/uploads\/2025\/12\/Daniele-Ballini.jpg 2000w\" sizes=\"(min-width: 2200px) 100vw, (min-width: 928px) 236px, (min-width: 856px) 295px, (min-width: 784px) 393px, (min-width: 712px) 590px, (min-width: 640px) 712px, \"><\/div><\/div><div style=\"padding:5px;\" class=\"fusion-grid-column fusion-gallery-column fusion-gallery-column-5\"><div class=\"fusion-gallery-image fusion-gallery-image-liftup\"><img decoding=\"async\" src=\"https:\/\/www.alfaforni.com\/wp-content\/uploads\/2025\/12\/Placido-Palamara.jpg\" width=\"2000\" height=\"2000\" alt=\"\"  aria-label=\"Placido Palamara\" class=\"img-responsive wp-image-71265\" srcset=\"https:\/\/www.alfaforni.com\/wp-content\/uploads\/2025\/12\/Placido-Palamara-400x400.jpg 400w, https:\/\/www.alfaforni.com\/wp-content\/uploads\/2025\/12\/Placido-Palamara-600x600.jpg 600w, https:\/\/www.alfaforni.com\/wp-content\/uploads\/2025\/12\/Placido-Palamara-800x800.jpg 800w, https:\/\/www.alfaforni.com\/wp-content\/uploads\/2025\/12\/Placido-Palamara-1200x1200.jpg 1200w, https:\/\/www.alfaforni.com\/wp-content\/uploads\/2025\/12\/Placido-Palamara.jpg 2000w\" sizes=\"(min-width: 2200px) 100vw, (min-width: 928px) 236px, (min-width: 856px) 295px, (min-width: 784px) 393px, (min-width: 712px) 590px, (min-width: 640px) 712px, \"><\/div><\/div><div style=\"padding:5px;\" class=\"fusion-grid-column fusion-gallery-column fusion-gallery-column-5\"><div class=\"fusion-gallery-image fusion-gallery-image-liftup\"><img decoding=\"async\" src=\"https:\/\/www.alfaforni.com\/wp-content\/uploads\/2025\/12\/Loris-Tassone.jpg\" width=\"2000\" height=\"2000\" alt=\"\"  aria-label=\"Loris Tassone\" class=\"img-responsive wp-image-71363\" srcset=\"https:\/\/www.alfaforni.com\/wp-content\/uploads\/2025\/12\/Loris-Tassone-400x400.jpg 400w, https:\/\/www.alfaforni.com\/wp-content\/uploads\/2025\/12\/Loris-Tassone-600x600.jpg 600w, https:\/\/www.alfaforni.com\/wp-content\/uploads\/2025\/12\/Loris-Tassone-800x800.jpg 800w, https:\/\/www.alfaforni.com\/wp-content\/uploads\/2025\/12\/Loris-Tassone-1200x1200.jpg 1200w, https:\/\/www.alfaforni.com\/wp-content\/uploads\/2025\/12\/Loris-Tassone.jpg 2000w\" sizes=\"(min-width: 2200px) 100vw, (min-width: 928px) 236px, (min-width: 856px) 295px, (min-width: 784px) 393px, (min-width: 712px) 590px, (min-width: 640px) 712px, \"><\/div><\/div><div style=\"padding:5px;\" class=\"fusion-grid-column fusion-gallery-column fusion-gallery-column-5\"><div class=\"fusion-gallery-image fusion-gallery-image-liftup\"><img decoding=\"async\" src=\"https:\/\/www.alfaforni.com\/wp-content\/uploads\/2025\/12\/Giuliano-Eziandi.jpg\" width=\"2000\" height=\"2000\" alt=\"\"  aria-label=\"Giuliano Eziandi\" class=\"img-responsive wp-image-71349\" srcset=\"https:\/\/www.alfaforni.com\/wp-content\/uploads\/2025\/12\/Giuliano-Eziandi-400x400.jpg 400w, https:\/\/www.alfaforni.com\/wp-content\/uploads\/2025\/12\/Giuliano-Eziandi-600x600.jpg 600w, https:\/\/www.alfaforni.com\/wp-content\/uploads\/2025\/12\/Giuliano-Eziandi-800x800.jpg 800w, https:\/\/www.alfaforni.com\/wp-content\/uploads\/2025\/12\/Giuliano-Eziandi-1200x1200.jpg 1200w, https:\/\/www.alfaforni.com\/wp-content\/uploads\/2025\/12\/Giuliano-Eziandi.jpg 2000w\" sizes=\"(min-width: 2200px) 100vw, (min-width: 928px) 236px, (min-width: 856px) 295px, (min-width: 784px) 393px, (min-width: 712px) 590px, (min-width: 640px) 712px, \"><\/div><\/div><div style=\"padding:5px;\" class=\"fusion-grid-column fusion-gallery-column fusion-gallery-column-5\"><div class=\"fusion-gallery-image fusion-gallery-image-liftup\"><img decoding=\"async\" src=\"https:\/\/www.alfaforni.com\/wp-content\/uploads\/2025\/12\/Andres-Meniconzi.jpg\" width=\"2000\" height=\"2000\" alt=\"\"  aria-label=\"Andres Meniconzi\" class=\"img-responsive wp-image-71307\" srcset=\"https:\/\/www.alfaforni.com\/wp-content\/uploads\/2025\/12\/Andres-Meniconzi-400x400.jpg 400w, https:\/\/www.alfaforni.com\/wp-content\/uploads\/2025\/12\/Andres-Meniconzi-600x600.jpg 600w, https:\/\/www.alfaforni.com\/wp-content\/uploads\/2025\/12\/Andres-Meniconzi-800x800.jpg 800w, https:\/\/www.alfaforni.com\/wp-content\/uploads\/2025\/12\/Andres-Meniconzi-1200x1200.jpg 1200w, https:\/\/www.alfaforni.com\/wp-content\/uploads\/2025\/12\/Andres-Meniconzi.jpg 2000w\" sizes=\"(min-width: 2200px) 100vw, (min-width: 928px) 236px, (min-width: 856px) 295px, (min-width: 784px) 393px, (min-width: 712px) 590px, (min-width: 640px) 712px, \"><\/div><\/div><div class=\"clearfix\"><\/div><div style=\"padding:5px;\" class=\"fusion-grid-column fusion-gallery-column fusion-gallery-column-5\"><div class=\"fusion-gallery-image fusion-gallery-image-liftup\"><img decoding=\"async\" src=\"https:\/\/www.alfaforni.com\/wp-content\/uploads\/2025\/12\/Alessio-Coppotelli.jpg\" width=\"2000\" height=\"2000\" alt=\"\"  aria-label=\"Alessio Coppotelli\" class=\"img-responsive wp-image-71293\" srcset=\"https:\/\/www.alfaforni.com\/wp-content\/uploads\/2025\/12\/Alessio-Coppotelli-400x400.jpg 400w, https:\/\/www.alfaforni.com\/wp-content\/uploads\/2025\/12\/Alessio-Coppotelli-600x600.jpg 600w, https:\/\/www.alfaforni.com\/wp-content\/uploads\/2025\/12\/Alessio-Coppotelli-800x800.jpg 800w, https:\/\/www.alfaforni.com\/wp-content\/uploads\/2025\/12\/Alessio-Coppotelli-1200x1200.jpg 1200w, https:\/\/www.alfaforni.com\/wp-content\/uploads\/2025\/12\/Alessio-Coppotelli.jpg 2000w\" sizes=\"(min-width: 2200px) 100vw, (min-width: 928px) 236px, (min-width: 856px) 295px, (min-width: 784px) 393px, (min-width: 712px) 590px, (min-width: 640px) 712px, \"><\/div><\/div><div style=\"padding:5px;\" class=\"fusion-grid-column fusion-gallery-column fusion-gallery-column-5\"><div class=\"fusion-gallery-image fusion-gallery-image-liftup\"><img decoding=\"async\" src=\"https:\/\/www.alfaforni.com\/wp-content\/uploads\/2025\/12\/Andreas-Paglia.jpg\" width=\"2000\" height=\"2000\" alt=\"\"  aria-label=\"Andreas Paglia\" class=\"img-responsive wp-image-71300\" srcset=\"https:\/\/www.alfaforni.com\/wp-content\/uploads\/2025\/12\/Andreas-Paglia-400x400.jpg 400w, https:\/\/www.alfaforni.com\/wp-content\/uploads\/2025\/12\/Andreas-Paglia-600x600.jpg 600w, https:\/\/www.alfaforni.com\/wp-content\/uploads\/2025\/12\/Andreas-Paglia-800x800.jpg 800w, https:\/\/www.alfaforni.com\/wp-content\/uploads\/2025\/12\/Andreas-Paglia-1200x1200.jpg 1200w, https:\/\/www.alfaforni.com\/wp-content\/uploads\/2025\/12\/Andreas-Paglia.jpg 2000w\" sizes=\"(min-width: 2200px) 100vw, (min-width: 928px) 236px, (min-width: 856px) 295px, (min-width: 784px) 393px, (min-width: 712px) 590px, (min-width: 640px) 712px, \"><\/div><\/div><div style=\"padding:5px;\" class=\"fusion-grid-column fusion-gallery-column fusion-gallery-column-5\"><div class=\"fusion-gallery-image fusion-gallery-image-liftup\"><img decoding=\"async\" src=\"https:\/\/www.alfaforni.com\/wp-content\/uploads\/2025\/12\/Stefano-Parisse.jpg\" width=\"2000\" height=\"2000\" alt=\"\"  aria-label=\"Stefano Parisse\" class=\"img-responsive wp-image-71279\" srcset=\"https:\/\/www.alfaforni.com\/wp-content\/uploads\/2025\/12\/Stefano-Parisse-400x400.jpg 400w, https:\/\/www.alfaforni.com\/wp-content\/uploads\/2025\/12\/Stefano-Parisse-600x600.jpg 600w, https:\/\/www.alfaforni.com\/wp-content\/uploads\/2025\/12\/Stefano-Parisse-800x800.jpg 800w, https:\/\/www.alfaforni.com\/wp-content\/uploads\/2025\/12\/Stefano-Parisse-1200x1200.jpg 1200w, https:\/\/www.alfaforni.com\/wp-content\/uploads\/2025\/12\/Stefano-Parisse.jpg 2000w\" sizes=\"(min-width: 2200px) 100vw, (min-width: 928px) 236px, (min-width: 856px) 295px, (min-width: 784px) 393px, (min-width: 712px) 590px, (min-width: 640px) 712px, \"><\/div><\/div><div style=\"padding:5px;\" class=\"fusion-grid-column fusion-gallery-column fusion-gallery-column-5\"><div class=\"fusion-gallery-image fusion-gallery-image-liftup\"><img decoding=\"async\" src=\"https:\/\/www.alfaforni.com\/wp-content\/uploads\/2025\/12\/Samuele-Concutelli.jpg\" width=\"2000\" height=\"2000\" alt=\"\"  aria-label=\"Samuele Concutelli\" class=\"img-responsive wp-image-71272\" srcset=\"https:\/\/www.alfaforni.com\/wp-content\/uploads\/2025\/12\/Samuele-Concutelli-400x400.jpg 400w, https:\/\/www.alfaforni.com\/wp-content\/uploads\/2025\/12\/Samuele-Concutelli-600x600.jpg 600w, https:\/\/www.alfaforni.com\/wp-content\/uploads\/2025\/12\/Samuele-Concutelli-800x800.jpg 800w, https:\/\/www.alfaforni.com\/wp-content\/uploads\/2025\/12\/Samuele-Concutelli-1200x1200.jpg 1200w, https:\/\/www.alfaforni.com\/wp-content\/uploads\/2025\/12\/Samuele-Concutelli.jpg 2000w\" sizes=\"(min-width: 2200px) 100vw, (min-width: 928px) 236px, (min-width: 856px) 295px, (min-width: 784px) 393px, (min-width: 712px) 590px, (min-width: 640px) 712px, \"><\/div><\/div><div style=\"padding:5px;\" class=\"fusion-grid-column fusion-gallery-column fusion-gallery-column-5\"><div class=\"fusion-gallery-image fusion-gallery-image-liftup\"><img decoding=\"async\" src=\"https:\/\/www.alfaforni.com\/wp-content\/uploads\/2026\/01\/Kozma.jpg\" width=\"2000\" height=\"2000\" alt=\"\"  aria-label=\"Kozma\" class=\"img-responsive wp-image-71668\" srcset=\"https:\/\/www.alfaforni.com\/wp-content\/uploads\/2026\/01\/Kozma-400x400.jpg 400w, https:\/\/www.alfaforni.com\/wp-content\/uploads\/2026\/01\/Kozma-600x600.jpg 600w, https:\/\/www.alfaforni.com\/wp-content\/uploads\/2026\/01\/Kozma-800x800.jpg 800w, https:\/\/www.alfaforni.com\/wp-content\/uploads\/2026\/01\/Kozma-1200x1200.jpg 1200w, https:\/\/www.alfaforni.com\/wp-content\/uploads\/2026\/01\/Kozma.jpg 2000w\" sizes=\"(min-width: 2200px) 100vw, (min-width: 928px) 236px, (min-width: 856px) 295px, (min-width: 784px) 393px, (min-width: 712px) 590px, (min-width: 640px) 712px, \"><\/div><\/div><div class=\"clearfix\"><\/div><div style=\"padding:5px;\" class=\"fusion-grid-column fusion-gallery-column fusion-gallery-column-5\"><div class=\"fusion-gallery-image fusion-gallery-image-liftup\"><img decoding=\"async\" src=\"https:\/\/www.alfaforni.com\/wp-content\/uploads\/2025\/12\/Massimiliano-Del-Giudice.jpg\" width=\"2000\" height=\"2000\" alt=\"\"  aria-label=\"Massimiliano Del Giudice\" class=\"img-responsive wp-image-71370\" srcset=\"https:\/\/www.alfaforni.com\/wp-content\/uploads\/2025\/12\/Massimiliano-Del-Giudice-400x400.jpg 400w, https:\/\/www.alfaforni.com\/wp-content\/uploads\/2025\/12\/Massimiliano-Del-Giudice-600x600.jpg 600w, https:\/\/www.alfaforni.com\/wp-content\/uploads\/2025\/12\/Massimiliano-Del-Giudice-800x800.jpg 800w, https:\/\/www.alfaforni.com\/wp-content\/uploads\/2025\/12\/Massimiliano-Del-Giudice-1200x1200.jpg 1200w, https:\/\/www.alfaforni.com\/wp-content\/uploads\/2025\/12\/Massimiliano-Del-Giudice.jpg 2000w\" sizes=\"(min-width: 2200px) 100vw, (min-width: 928px) 236px, (min-width: 856px) 295px, (min-width: 784px) 393px, (min-width: 712px) 590px, (min-width: 640px) 712px, \"><\/div><\/div><div style=\"padding:5px;\" class=\"fusion-grid-column fusion-gallery-column fusion-gallery-column-5\"><div class=\"fusion-gallery-image fusion-gallery-image-liftup\"><img decoding=\"async\" src=\"https:\/\/www.alfaforni.com\/wp-content\/uploads\/2026\/01\/Federico-Scarselletta.jpg\" width=\"2000\" height=\"2000\" alt=\"\"  aria-label=\"Federico Scarselletta\" class=\"img-responsive wp-image-71661\" srcset=\"https:\/\/www.alfaforni.com\/wp-content\/uploads\/2026\/01\/Federico-Scarselletta-400x400.jpg 400w, https:\/\/www.alfaforni.com\/wp-content\/uploads\/2026\/01\/Federico-Scarselletta-600x600.jpg 600w, https:\/\/www.alfaforni.com\/wp-content\/uploads\/2026\/01\/Federico-Scarselletta-800x800.jpg 800w, https:\/\/www.alfaforni.com\/wp-content\/uploads\/2026\/01\/Federico-Scarselletta-1200x1200.jpg 1200w, https:\/\/www.alfaforni.com\/wp-content\/uploads\/2026\/01\/Federico-Scarselletta.jpg 2000w\" sizes=\"(min-width: 2200px) 100vw, (min-width: 928px) 236px, (min-width: 856px) 295px, (min-width: 784px) 393px, (min-width: 712px) 590px, (min-width: 640px) 712px, \"><\/div><\/div><div style=\"padding:5px;\" class=\"fusion-grid-column fusion-gallery-column fusion-gallery-column-5\"><div class=\"fusion-gallery-image fusion-gallery-image-liftup\"><img decoding=\"async\" src=\"https:\/\/www.alfaforni.com\/wp-content\/uploads\/2025\/12\/Fabrizio-Eziandi.jpg\" width=\"2000\" height=\"2000\" alt=\"\"  aria-label=\"Fabrizio Eziandi\" class=\"img-responsive wp-image-71342\" srcset=\"https:\/\/www.alfaforni.com\/wp-content\/uploads\/2025\/12\/Fabrizio-Eziandi-400x400.jpg 400w, https:\/\/www.alfaforni.com\/wp-content\/uploads\/2025\/12\/Fabrizio-Eziandi-600x600.jpg 600w, https:\/\/www.alfaforni.com\/wp-content\/uploads\/2025\/12\/Fabrizio-Eziandi-800x800.jpg 800w, https:\/\/www.alfaforni.com\/wp-content\/uploads\/2025\/12\/Fabrizio-Eziandi-1200x1200.jpg 1200w, https:\/\/www.alfaforni.com\/wp-content\/uploads\/2025\/12\/Fabrizio-Eziandi.jpg 2000w\" sizes=\"(min-width: 2200px) 100vw, (min-width: 928px) 236px, (min-width: 856px) 295px, (min-width: 784px) 393px, (min-width: 712px) 590px, (min-width: 640px) 712px, \"><\/div><\/div><div style=\"padding:5px;\" class=\"fusion-grid-column fusion-gallery-column fusion-gallery-column-5\"><div class=\"fusion-gallery-image fusion-gallery-image-liftup\"><img decoding=\"async\" src=\"https:\/\/www.alfaforni.com\/wp-content\/uploads\/2025\/12\/Diego-Vona.jpg\" width=\"2000\" height=\"2000\" alt=\"\"  aria-label=\"Diego Vona\" class=\"img-responsive wp-image-71335\" srcset=\"https:\/\/www.alfaforni.com\/wp-content\/uploads\/2025\/12\/Diego-Vona-400x400.jpg 400w, https:\/\/www.alfaforni.com\/wp-content\/uploads\/2025\/12\/Diego-Vona-600x600.jpg 600w, https:\/\/www.alfaforni.com\/wp-content\/uploads\/2025\/12\/Diego-Vona-800x800.jpg 800w, https:\/\/www.alfaforni.com\/wp-content\/uploads\/2025\/12\/Diego-Vona-1200x1200.jpg 1200w, https:\/\/www.alfaforni.com\/wp-content\/uploads\/2025\/12\/Diego-Vona.jpg 2000w\" sizes=\"(min-width: 2200px) 100vw, (min-width: 928px) 236px, (min-width: 856px) 295px, (min-width: 784px) 393px, (min-width: 712px) 590px, (min-width: 640px) 712px, \"><\/div><\/div><div style=\"padding:5px;\" class=\"fusion-grid-column fusion-gallery-column fusion-gallery-column-5\"><div class=\"fusion-gallery-image fusion-gallery-image-liftup\"><img decoding=\"async\" src=\"https:\/\/www.alfaforni.com\/wp-content\/uploads\/2025\/12\/Mattia-Cecchetti.jpg\" width=\"2000\" height=\"2000\" alt=\"\"  aria-label=\"Mattia Cecchetti\" class=\"img-responsive wp-image-71251\" srcset=\"https:\/\/www.alfaforni.com\/wp-content\/uploads\/2025\/12\/Mattia-Cecchetti-400x400.jpg 400w, https:\/\/www.alfaforni.com\/wp-content\/uploads\/2025\/12\/Mattia-Cecchetti-600x600.jpg 600w, https:\/\/www.alfaforni.com\/wp-content\/uploads\/2025\/12\/Mattia-Cecchetti-800x800.jpg 800w, https:\/\/www.alfaforni.com\/wp-content\/uploads\/2025\/12\/Mattia-Cecchetti-1200x1200.jpg 1200w, https:\/\/www.alfaforni.com\/wp-content\/uploads\/2025\/12\/Mattia-Cecchetti.jpg 2000w\" sizes=\"(min-width: 2200px) 100vw, (min-width: 928px) 236px, (min-width: 856px) 295px, (min-width: 784px) 393px, (min-width: 712px) 590px, (min-width: 640px) 712px, \"><\/div><\/div><div class=\"clearfix\"><\/div><div style=\"padding:5px;\" class=\"fusion-grid-column fusion-gallery-column fusion-gallery-column-5\"><div class=\"fusion-gallery-image fusion-gallery-image-liftup\"><img decoding=\"async\" src=\"https:\/\/www.alfaforni.com\/wp-content\/uploads\/2025\/12\/Christian-Mancini.jpg\" width=\"2000\" height=\"2000\" alt=\"\"  aria-label=\"Christian Mancini\" class=\"img-responsive wp-image-71314\" srcset=\"https:\/\/www.alfaforni.com\/wp-content\/uploads\/2025\/12\/Christian-Mancini-400x400.jpg 400w, https:\/\/www.alfaforni.com\/wp-content\/uploads\/2025\/12\/Christian-Mancini-600x600.jpg 600w, https:\/\/www.alfaforni.com\/wp-content\/uploads\/2025\/12\/Christian-Mancini-800x800.jpg 800w, https:\/\/www.alfaforni.com\/wp-content\/uploads\/2025\/12\/Christian-Mancini-1200x1200.jpg 1200w, https:\/\/www.alfaforni.com\/wp-content\/uploads\/2025\/12\/Christian-Mancini.jpg 2000w\" sizes=\"(min-width: 2200px) 100vw, (min-width: 928px) 236px, (min-width: 856px) 295px, (min-width: 784px) 393px, (min-width: 712px) 590px, (min-width: 640px) 712px, \"><\/div><\/div><div style=\"padding:5px;\" class=\"fusion-grid-column fusion-gallery-column fusion-gallery-column-5\"><div class=\"fusion-gallery-image fusion-gallery-image-liftup\"><img decoding=\"async\" src=\"https:\/\/www.alfaforni.com\/wp-content\/uploads\/2025\/12\/Cosimo-Care.jpg\" width=\"2000\" height=\"2000\" alt=\"\"  aria-label=\"Cosimo Care\" class=\"img-responsive wp-image-71321\" srcset=\"https:\/\/www.alfaforni.com\/wp-content\/uploads\/2025\/12\/Cosimo-Care-400x400.jpg 400w, https:\/\/www.alfaforni.com\/wp-content\/uploads\/2025\/12\/Cosimo-Care-600x600.jpg 600w, https:\/\/www.alfaforni.com\/wp-content\/uploads\/2025\/12\/Cosimo-Care-800x800.jpg 800w, https:\/\/www.alfaforni.com\/wp-content\/uploads\/2025\/12\/Cosimo-Care-1200x1200.jpg 1200w, https:\/\/www.alfaforni.com\/wp-content\/uploads\/2025\/12\/Cosimo-Care.jpg 2000w\" sizes=\"(min-width: 2200px) 100vw, (min-width: 928px) 236px, (min-width: 856px) 295px, (min-width: 784px) 393px, (min-width: 712px) 590px, (min-width: 640px) 712px, \"><\/div><\/div><div style=\"padding:5px;\" class=\"fusion-grid-column fusion-gallery-column fusion-gallery-column-5\"><div class=\"fusion-gallery-image fusion-gallery-image-liftup\"><img decoding=\"async\" src=\"https:\/\/www.alfaforni.com\/wp-content\/uploads\/2025\/12\/Nazareno-Sabene.jpg\" width=\"2000\" height=\"2000\" alt=\"\"  aria-label=\"Nazareno Sabene\" class=\"img-responsive wp-image-71258\" srcset=\"https:\/\/www.alfaforni.com\/wp-content\/uploads\/2025\/12\/Nazareno-Sabene-400x400.jpg 400w, https:\/\/www.alfaforni.com\/wp-content\/uploads\/2025\/12\/Nazareno-Sabene-600x600.jpg 600w, https:\/\/www.alfaforni.com\/wp-content\/uploads\/2025\/12\/Nazareno-Sabene-800x800.jpg 800w, https:\/\/www.alfaforni.com\/wp-content\/uploads\/2025\/12\/Nazareno-Sabene-1200x1200.jpg 1200w, https:\/\/www.alfaforni.com\/wp-content\/uploads\/2025\/12\/Nazareno-Sabene.jpg 2000w\" sizes=\"(min-width: 2200px) 100vw, (min-width: 928px) 236px, (min-width: 856px) 295px, (min-width: 784px) 393px, (min-width: 712px) 590px, (min-width: 640px) 712px, \"><\/div><\/div><div style=\"padding:5px;\" class=\"fusion-grid-column fusion-gallery-column fusion-gallery-column-5\"><div class=\"fusion-gallery-image fusion-gallery-image-liftup\"><img decoding=\"async\" src=\"https:\/\/www.alfaforni.com\/wp-content\/uploads\/2025\/12\/Aldo-Ciocchetti.jpg\" width=\"2000\" height=\"2000\" alt=\"\"  aria-label=\"Aldo Ciocchetti\" class=\"img-responsive wp-image-71286\" srcset=\"https:\/\/www.alfaforni.com\/wp-content\/uploads\/2025\/12\/Aldo-Ciocchetti-400x400.jpg 400w, https:\/\/www.alfaforni.com\/wp-content\/uploads\/2025\/12\/Aldo-Ciocchetti-600x600.jpg 600w, https:\/\/www.alfaforni.com\/wp-content\/uploads\/2025\/12\/Aldo-Ciocchetti-800x800.jpg 800w, https:\/\/www.alfaforni.com\/wp-content\/uploads\/2025\/12\/Aldo-Ciocchetti-1200x1200.jpg 1200w, https:\/\/www.alfaforni.com\/wp-content\/uploads\/2025\/12\/Aldo-Ciocchetti.jpg 2000w\" sizes=\"(min-width: 2200px) 100vw, (min-width: 928px) 236px, (min-width: 856px) 295px, (min-width: 784px) 393px, (min-width: 712px) 590px, (min-width: 640px) 712px, \"><\/div><\/div><\/div><\/div><div class=\"fusion-text fusion-text-15\"><h3 style=\"text-align: center;\" data-start=\"1509\" data-end=\"1938\">Alfa Forni continue d\u2019investir dans l\u2019innovation, la qualit\u00e9 et les personnes afin de renforcer son r\u00f4le de r\u00e9f\u00e9rence mondiale dans l\u2019univers des fours \u00e0 pizza premium. Un parcours de croissance qui valorise l\u2019identit\u00e9 de la marque, le Made in Italy et une culture produit fond\u00e9e sur l\u2019excellence, l\u2019authenticit\u00e9 et la passion du feu.<\/h3>\n<\/div><\/div><\/div><\/div><\/div><\/p>\n","protected":false},"excerpt":{"rendered":"","protected":false},"author":1,"featured_media":4394,"parent":0,"menu_order":0,"comment_status":"closed","ping_status":"closed","template":"100-width.php","meta":{"_acf_changed":false,"footnotes":""},"class_list":["post-4544","page","type-page","status-publish","has-post-thumbnail","hentry"],"acf":[],"_links":{"self":[{"href":"https:\/\/www.alfaforni.com\/fr\/wp-json\/wp\/v2\/pages\/4544","targetHints":{"allow":["GET"]}}],"collection":[{"href":"https:\/\/www.alfaforni.com\/fr\/wp-json\/wp\/v2\/pages"}],"about":[{"href":"https:\/\/www.alfaforni.com\/fr\/wp-json\/wp\/v2\/types\/page"}],"author":[{"embeddable":true,"href":"https:\/\/www.alfaforni.com\/fr\/wp-json\/wp\/v2\/users\/1"}],"replies":[{"embeddable":true,"href":"https:\/\/www.alfaforni.com\/fr\/wp-json\/wp\/v2\/comments?post=4544"}],"version-history":[{"count":35,"href":"https:\/\/www.alfaforni.com\/fr\/wp-json\/wp\/v2\/pages\/4544\/revisions"}],"predecessor-version":[{"id":74024,"href":"https:\/\/www.alfaforni.com\/fr\/wp-json\/wp\/v2\/pages\/4544\/revisions\/74024"}],"wp:featuredmedia":[{"embeddable":true,"href":"https:\/\/www.alfaforni.com\/fr\/wp-json\/wp\/v2\/media\/4394"}],"wp:attachment":[{"href":"https:\/\/www.alfaforni.com\/fr\/wp-json\/wp\/v2\/media?parent=4544"}],"curies":[{"name":"wp","href":"https:\/\/api.w.org\/{rel}","templated":true}]}}