{"id":31722,"date":"2021-12-30T19:38:02","date_gmt":"2021-12-30T18:38:02","guid":{"rendered":"https:\/\/www.alfaforni.com\/?page_id=31722"},"modified":"2025-03-24T11:12:52","modified_gmt":"2025-03-24T10:12:52","slug":"blog","status":"publish","type":"page","link":"https:\/\/www.alfaforni.com\/it\/blog\/","title":{"rendered":"Blog"},"content":{"rendered":"<p><div class=\"fusion-fullwidth fullwidth-box fusion-builder-row-1 fusion-flex-container has-pattern-background has-mask-background nonhundred-percent-fullwidth non-hundred-percent-height-scrolling\" style=\"--awb-border-radius-top-left:0px;--awb-border-radius-top-right:0px;--awb-border-radius-bottom-right:0px;--awb-border-radius-bottom-left:0px;--awb-margin-top:-50px;--awb-flex-wrap:wrap;\" ><div class=\"fusion-builder-row fusion-row fusion-flex-align-items-flex-start fusion-flex-content-wrap\" style=\"max-width:1248px;margin-left: calc(-4% \/ 2 );margin-right: calc(-4% \/ 2 );\"><div class=\"fusion-layout-column fusion_builder_column fusion-builder-column-0 fusion_builder_column_1_1 1_1 fusion-flex-column\" style=\"--awb-bg-size:cover;--awb-width-large:100%;--awb-margin-top-large:0px;--awb-spacing-right-large:1.92%;--awb-margin-bottom-large:20px;--awb-spacing-left-large:1.92%;--awb-width-medium:100%;--awb-order-medium:0;--awb-spacing-right-medium:1.92%;--awb-spacing-left-medium:1.92%;--awb-width-small:100%;--awb-order-small:0;--awb-spacing-right-small:1.92%;--awb-spacing-left-small:1.92%;\"><div class=\"fusion-column-wrapper fusion-column-has-shadow fusion-flex-justify-content-flex-start fusion-content-layout-column\"><div class=\"fusion-text fusion-text-1\"><h1>Blog<\/h1>\n<\/div><div class=\"fusion-text fusion-text-2 fusion-text-no-margin\" style=\"--awb-margin-bottom:60px;\"><h3>Scopri il nuovo blog Alfa Forni, dedicato al mondo della pizza, della buona cucina e soprattutto della Buona Cottura!<\/h3>\n<p>Qui sotto troverai tanti articoli interessanti ed utili sulla pizza e sulle tipologie di cottura professionale e casalinga, sul buon cibo e su come cucinarlo al meglio con un forno Alfa, per esprimere la tua arte culinaria e stupire amici e clienti con una ricetta perfetta!<\/p>\n<p>Ed ancora, tante utilissime informazioni sulla manutenzione e sulla pulizia del tuo forno, e tante curiosit\u00e0 sul mondo del grill e barbecue!<\/p>\n<p><strong>Vuoi partecipare? Invia un contributo alla redazione di Alfa e potresti essere tra i protagonisti del Blog attraverso le tue esperienze di utilizzo, i tuoi suggerimenti e, perch\u00e9 no\u2026 le tue ricette sfiziose e creative!<\/strong><\/p>\n<p>Hai curiosit\u00e0 o domande specifiche a cui vorresti avere risposta con un articolo sul blog? Invialo a\u00a0<span style=\"color: #990521;\"><a style=\"color: #990521;\" href=\"\/it\/contattaci\/\">info@alfaforni.com<\/a><\/span>\u00a0e diventeranno spunti per nuovi articoli e vademecum!<\/p>\n<\/div><\/div><\/div><\/div><\/div><div class=\"fusion-fullwidth fullwidth-box fusion-builder-row-2 fusion-flex-container has-pattern-background has-mask-background nonhundred-percent-fullwidth non-hundred-percent-height-scrolling\" style=\"--awb-border-radius-top-left:0px;--awb-border-radius-top-right:0px;--awb-border-radius-bottom-right:0px;--awb-border-radius-bottom-left:0px;--awb-margin-bottom:-60px;--awb-background-color:rgba(239,232,226,0);--awb-flex-wrap:wrap;\" ><div class=\"fusion-builder-row fusion-row fusion-flex-align-items-flex-start fusion-flex-content-wrap\" style=\"max-width:1248px;margin-left: calc(-4% \/ 2 );margin-right: calc(-4% \/ 2 );\"><div class=\"fusion-layout-column fusion_builder_column fusion-builder-column-1 fusion_builder_column_1_1 1_1 fusion-flex-column\" style=\"--awb-bg-size:cover;--awb-width-large:100%;--awb-margin-top-large:0px;--awb-spacing-right-large:1.92%;--awb-margin-bottom-large:20px;--awb-spacing-left-large:1.92%;--awb-width-medium:100%;--awb-order-medium:0;--awb-spacing-right-medium:1.92%;--awb-spacing-left-medium:1.92%;--awb-width-small:100%;--awb-order-small:0;--awb-spacing-right-small:1.92%;--awb-spacing-left-small:1.92%;\"><div class=\"fusion-column-wrapper fusion-column-has-shadow fusion-flex-justify-content-flex-start fusion-content-layout-column\"><div class=\"fusion-recent-posts fusion-recent-posts-1 avada-container layout-default layout-columns-2 fusion-recent-posts-left fusion-recent-posts-infinite fusion-recent-posts-load-more\" data-pages=\"11\"><section class=\"fusion-columns columns fusion-columns-2 columns-2\"><article class=\"post fusion-column column col col-lg-6 col-md-6 col-sm-6\"><div class=\"fusion-flexslider fusion-flexslider-loading flexslider flexslider-hover-type-none\"><ul class=\"slides\"><li><a href=\"https:\/\/www.alfaforni.com\/it\/outdoor-kitchen-idee-e-soluzioni-per-la-tua-cucina-da-esterno-con-forno-pizza\/\" aria-label=\"Outdoor kitchen: idee e soluzioni per la tua cucina da esterno con forno pizza\" class=\"hover-type-none\"><img decoding=\"async\" width=\"700\" height=\"441\" src=\"https:\/\/www.alfaforni.com\/wp-content\/uploads\/2026\/04\/Alfa-Moderno-immagine-quadrata-700x441.jpg\" class=\"attachment-recent-posts size-recent-posts\" alt=\"\" srcset=\"https:\/\/www.alfaforni.com\/wp-content\/uploads\/2026\/04\/Alfa-Moderno-immagine-quadrata-320x202.jpg 320w, https:\/\/www.alfaforni.com\/wp-content\/uploads\/2026\/04\/Alfa-Moderno-immagine-quadrata-700x441.jpg 700w\" sizes=\"(max-width: 700px) 100vw, 700px\" ><\/a><\/li><\/ul><\/div><div class=\"recent-posts-content\"><span class=\"vcard\" style=\"display: none;\"><span class=\"fn\"><a href=\"https:\/\/www.alfaforni.com\/it\/author\/i-valeri\/\"  rel=\"author\">Ilaria Valeri<\/a><\/span><\/span><span class=\"updated\" style=\"display:none;\">2026-04-14T14:02:51+02:00<\/span><h3 class=\"entry-title\"><a href=\"https:\/\/www.alfaforni.com\/it\/outdoor-kitchen-idee-e-soluzioni-per-la-tua-cucina-da-esterno-con-forno-pizza\/\">Outdoor kitchen: idee e soluzioni per la tua cucina da esterno con forno pizza<\/a><\/h3><p> Outdoor kitchen: idee e soluzioni per progettare la tua cucina da esterno con forno pizza Negli ultimi anni, l\u2019outdoor kitchen \u00e8 diventata una delle soluzioni pi\u00f9 desiderate per vivere al meglio gli spazi esterni [...]<\/p><\/div><\/article><article class=\"post fusion-column column col col-lg-6 col-md-6 col-sm-6\"><div class=\"fusion-flexslider fusion-flexslider-loading flexslider flexslider-hover-type-none\"><ul class=\"slides\"><li><a href=\"https:\/\/www.alfaforni.com\/it\/outdoor-kitchen-design-integrare-un-forno-nei-progetti-di-cucine-da-esterno-2\/\" aria-label=\"Outdoor kitchen design: integrare un forno nei progetti di cucine da esterno\" class=\"hover-type-none\"><img decoding=\"async\" width=\"700\" height=\"441\" src=\"https:\/\/www.alfaforni.com\/wp-content\/uploads\/2026\/03\/Alfa-Forni-Outdoor-Kitchen-700x441.jpg\" class=\"attachment-recent-posts size-recent-posts\" alt=\"\" srcset=\"https:\/\/www.alfaforni.com\/wp-content\/uploads\/2026\/03\/Alfa-Forni-Outdoor-Kitchen-320x202.jpg 320w, https:\/\/www.alfaforni.com\/wp-content\/uploads\/2026\/03\/Alfa-Forni-Outdoor-Kitchen-700x441.jpg 700w\" sizes=\"(max-width: 700px) 100vw, 700px\" ><\/a><\/li><\/ul><\/div><div class=\"recent-posts-content\"><span class=\"vcard\" style=\"display: none;\"><span class=\"fn\"><a href=\"https:\/\/www.alfaforni.com\/it\/author\/i-valeri\/\"  rel=\"author\">Ilaria Valeri<\/a><\/span><\/span><span class=\"updated\" style=\"display:none;\">2026-04-08T15:42:31+02:00<\/span><h3 class=\"entry-title\"><a href=\"https:\/\/www.alfaforni.com\/it\/outdoor-kitchen-design-integrare-un-forno-nei-progetti-di-cucine-da-esterno-2\/\">Outdoor kitchen design: integrare un forno nei progetti di cucine da esterno<\/a><\/h3><p> Outdoor kitchen design: come integrare un forno nelle cucine da esterno L'outdoor kitchen design negli ultimi anni \u00e8 diventato uno degli elementi pi\u00f9 desiderati nella progettazione degli spazi domestici. Giardini, terrazze e verande non [...]<\/p><\/div><\/article><article class=\"post fusion-column column col col-lg-6 col-md-6 col-sm-6\"><div class=\"fusion-flexslider fusion-flexslider-loading flexslider flexslider-hover-type-none\"><ul class=\"slides\"><li><a href=\"https:\/\/www.alfaforni.com\/it\/posso-usare-il-forno-a-legna-per-cuocere-il-pane\/\" aria-label=\"Posso usare il forno a legna per cuocere il pane?\" class=\"hover-type-none\"><img decoding=\"async\" width=\"700\" height=\"441\" src=\"https:\/\/www.alfaforni.com\/wp-content\/uploads\/2025\/06\/139-700x441.jpg\" class=\"attachment-recent-posts size-recent-posts\" alt=\"Forno a legna\" srcset=\"https:\/\/www.alfaforni.com\/wp-content\/uploads\/2025\/06\/139-320x202.jpg 320w, https:\/\/www.alfaforni.com\/wp-content\/uploads\/2025\/06\/139-700x441.jpg 700w\" sizes=\"(max-width: 700px) 100vw, 700px\" ><\/a><\/li><\/ul><\/div><div class=\"recent-posts-content\"><span class=\"vcard\" style=\"display: none;\"><span class=\"fn\"><a href=\"https:\/\/www.alfaforni.com\/it\/author\/e-valente\/\"  rel=\"author\">e.valente<\/a><\/span><\/span><span class=\"updated\" style=\"display:none;\">2025-06-20T10:15:56+02:00<\/span><h3 class=\"entry-title\"><a href=\"https:\/\/www.alfaforni.com\/it\/posso-usare-il-forno-a-legna-per-cuocere-il-pane\/\">Posso usare il forno a legna per cuocere il pane?<\/a><\/h3><p> Cuocere il pane nel forno a legna \u00e8 un\u2019attivit\u00e0 interessante e divertente. Scopri come fare con questa guida! Fin dall\u2019antichit\u00e0 il pane nelle sue innumerevoli declinazioni, viene universalmente riconosciuto come un elemento cardine di [...]<\/p><\/div><\/article><article class=\"post fusion-column column col col-lg-6 col-md-6 col-sm-6\"><div class=\"fusion-flexslider fusion-flexslider-loading flexslider flexslider-hover-type-none\"><ul class=\"slides\"><li><a href=\"https:\/\/www.alfaforni.com\/it\/come-preparare-forno-serata-pizza-amici\/\" aria-label=\"Come preparare il forno per una serata pizza con gli amici\" class=\"hover-type-none\"><img decoding=\"async\" width=\"700\" height=\"441\" src=\"https:\/\/www.alfaforni.com\/wp-content\/uploads\/2023\/11\/moderno-5-pizze-fire-yellow-pizza-ovens-700x441.jpg\" class=\"attachment-recent-posts size-recent-posts\" alt=\"Serata pizza con amici Moderno 5 Pizze\" srcset=\"https:\/\/www.alfaforni.com\/wp-content\/uploads\/2023\/11\/moderno-5-pizze-fire-yellow-pizza-ovens-320x202.jpg 320w, https:\/\/www.alfaforni.com\/wp-content\/uploads\/2023\/11\/moderno-5-pizze-fire-yellow-pizza-ovens-700x441.jpg 700w\" sizes=\"(max-width: 700px) 100vw, 700px\" ><\/a><\/li><\/ul><\/div><div class=\"recent-posts-content\"><span class=\"vcard\" style=\"display: none;\"><span class=\"fn\"><a href=\"https:\/\/www.alfaforni.com\/it\/author\/e-valente\/\"  rel=\"author\">e.valente<\/a><\/span><\/span><span class=\"updated\" style=\"display:none;\">2025-04-18T12:37:17+02:00<\/span><h3 class=\"entry-title\"><a href=\"https:\/\/www.alfaforni.com\/it\/come-preparare-forno-serata-pizza-amici\/\">Come preparare il forno per una serata pizza con gli amici<\/a><\/h3><p> Una serata pizza perfetta parte dalla preparazione del forno e dalla scelta degli accessori giusti. Scoprite i pi\u00f9 adatti a te! La pizza \u00e8 forse tra i cibi pi\u00f9 famosi e mangiati al mondo, [...]<\/p><\/div><\/article><article class=\"post fusion-column column col col-lg-6 col-md-6 col-sm-6\"><div class=\"fusion-flexslider fusion-flexslider-loading flexslider flexslider-hover-type-none\"><ul class=\"slides\"><li><a href=\"https:\/\/www.alfaforni.com\/it\/il-forno-storia-design-innovazione-forni-alfa\/\" aria-label=\"Il Forno: Da Strumento Antico a Protagonista del Design Moderno\" class=\"hover-type-none\"><img decoding=\"async\" width=\"700\" height=\"441\" src=\"https:\/\/www.alfaforni.com\/wp-content\/uploads\/2024\/12\/N-10-700x441.jpg\" class=\"attachment-recent-posts size-recent-posts\" alt=\"\" srcset=\"https:\/\/www.alfaforni.com\/wp-content\/uploads\/2024\/12\/N-10-320x202.jpg 320w, https:\/\/www.alfaforni.com\/wp-content\/uploads\/2024\/12\/N-10-700x441.jpg 700w\" sizes=\"(max-width: 700px) 100vw, 700px\" ><\/a><\/li><\/ul><\/div><div class=\"recent-posts-content\"><span class=\"vcard\" style=\"display: none;\"><span class=\"fn\"><a href=\"https:\/\/www.alfaforni.com\/it\/author\/e-valente\/\"  rel=\"author\">e.valente<\/a><\/span><\/span><span class=\"updated\" style=\"display:none;\">2024-12-17T11:14:37+01:00<\/span><h3 class=\"entry-title\"><a href=\"https:\/\/www.alfaforni.com\/it\/il-forno-storia-design-innovazione-forni-alfa\/\">Il Forno: Da Strumento Antico a Protagonista del Design Moderno<\/a><\/h3><p> L\u2019evoluzione del forno: dalla sua nascita nell\u2019antico Egitto al design moderno  Il forno nasce anticamente come mezzo per ingabbiare e catturare il potere del fuoco e ottimizzare il tempo durante la cottura.\u00a0 Le [...]<\/p><\/div><\/article><article class=\"post fusion-column column col col-lg-6 col-md-6 col-sm-6\"><div class=\"fusion-flexslider fusion-flexslider-loading flexslider flexslider-hover-type-none\"><ul class=\"slides\"><li><a href=\"https:\/\/www.alfaforni.com\/it\/idee-regalo-amanti-pizza-alfa-forni\/\" aria-label=\"10 idee regalo per gli amanti della pizza (e non solo) by Alfa Forni\" class=\"hover-type-none\"><img decoding=\"async\" width=\"700\" height=\"441\" src=\"https:\/\/www.alfaforni.com\/wp-content\/uploads\/2024\/10\/Urbe-3-1.jpg-700x441.webp\" class=\"attachment-recent-posts size-recent-posts\" alt=\"\" srcset=\"https:\/\/www.alfaforni.com\/wp-content\/uploads\/2024\/10\/Urbe-3-1.jpg-320x202.webp 320w, https:\/\/www.alfaforni.com\/wp-content\/uploads\/2024\/10\/Urbe-3-1.jpg-700x441.webp 700w\" sizes=\"(max-width: 700px) 100vw, 700px\" ><\/a><\/li><\/ul><\/div><div class=\"recent-posts-content\"><span class=\"vcard\" style=\"display: none;\"><span class=\"fn\"><a href=\"https:\/\/www.alfaforni.com\/it\/author\/e-valente\/\"  rel=\"author\">e.valente<\/a><\/span><\/span><span class=\"updated\" style=\"display:none;\">2024-11-26T15:15:49+01:00<\/span><h3 class=\"entry-title\"><a href=\"https:\/\/www.alfaforni.com\/it\/idee-regalo-amanti-pizza-alfa-forni\/\">10 idee regalo per gli amanti della pizza (e non solo) by Alfa Forni<\/a><\/h3><p> In vista delle feste abbiamo pensato a 10 regali made in Alfa per tutte le tasche adatti a gli amanti della pizza e delle cotture al forno che sicuramente vi faranno fare bella figura [...]<\/p><\/div><\/article><article class=\"post fusion-column column col col-lg-6 col-md-6 col-sm-6\"><div class=\"fusion-flexslider fusion-flexslider-loading flexslider flexslider-hover-type-none\"><ul class=\"slides\"><li><a href=\"https:\/\/www.alfaforni.com\/it\/ricette-stagionali-autunno-con-alfa\/\" aria-label=\"Ricette Stagionali per Affrontare l\u2019arrivo dell\u2019autunno con Alfa\" class=\"hover-type-none\"><img decoding=\"async\" width=\"700\" height=\"441\" src=\"https:\/\/www.alfaforni.com\/wp-content\/uploads\/2024\/10\/Pizza-zucca-porcini-700x441.jpg\" class=\"attachment-recent-posts size-recent-posts\" alt=\"\" srcset=\"https:\/\/www.alfaforni.com\/wp-content\/uploads\/2024\/10\/Pizza-zucca-porcini-320x202.jpg 320w, https:\/\/www.alfaforni.com\/wp-content\/uploads\/2024\/10\/Pizza-zucca-porcini-700x441.jpg 700w\" sizes=\"(max-width: 700px) 100vw, 700px\" ><\/a><\/li><\/ul><\/div><div class=\"recent-posts-content\"><span class=\"vcard\" style=\"display: none;\"><span class=\"fn\"><a href=\"https:\/\/www.alfaforni.com\/it\/author\/e-valente\/\"  rel=\"author\">e.valente<\/a><\/span><\/span><span class=\"updated\" style=\"display:none;\">2024-10-28T16:01:34+01:00<\/span><h3 class=\"entry-title\"><a href=\"https:\/\/www.alfaforni.com\/it\/ricette-stagionali-autunno-con-alfa\/\">Ricette Stagionali per Affrontare l\u2019arrivo dell\u2019autunno con Alfa<\/a><\/h3><p> L\u2019autunno \u00e8 arrivato e con esso anche i colori e i profumi della stagione. Con le giornate che via via vanno ad accorciarsi cosa c\u2019\u00e8 di meglio che godersi dei momenti di convivialit\u00e0 sotto [...]<\/p><\/div><\/article><article class=\"post fusion-column column col col-lg-6 col-md-6 col-sm-6\"><div class=\"fusion-flexslider fusion-flexslider-loading flexslider flexslider-hover-type-none\"><ul class=\"slides\"><li><a href=\"https:\/\/www.alfaforni.com\/it\/we-award-women-excellence-sara-lauro\/\" aria-label=\"WE Award \u2013 Women Excellence\" class=\"hover-type-none\"><img decoding=\"async\" width=\"700\" height=\"441\" src=\"https:\/\/www.alfaforni.com\/wp-content\/uploads\/2023\/12\/we-award-sara-lauro-700x441.jpg\" class=\"attachment-recent-posts size-recent-posts\" alt=\"\" srcset=\"https:\/\/www.alfaforni.com\/wp-content\/uploads\/2023\/12\/we-award-sara-lauro-320x202.jpg 320w, https:\/\/www.alfaforni.com\/wp-content\/uploads\/2023\/12\/we-award-sara-lauro-700x441.jpg 700w\" sizes=\"(max-width: 700px) 100vw, 700px\" ><\/a><\/li><\/ul><\/div><div class=\"recent-posts-content\"><span class=\"vcard\" style=\"display: none;\"><span class=\"fn\"><a href=\"https:\/\/www.alfaforni.com\/it\/author\/admin\/\"  rel=\"author\">Stefano Evangelisti<\/a><\/span><\/span><span class=\"updated\" style=\"display:none;\">2024-04-03T18:12:02+02:00<\/span><h3 class=\"entry-title\"><a href=\"https:\/\/www.alfaforni.com\/it\/we-award-women-excellence-sara-lauro\/\">WE Award \u2013 Women Excellence<\/a><\/h3><p> Dedicato alle eccellenze al femminile, organizzato dal Sole 24 Ore in collaborazione con il Financial Times e la media partnership di Sky Tg24. Un progetto internazionale dedicato alle storie di successo di donne attive [...]<\/p><\/div><\/article><article class=\"post fusion-column column col col-lg-6 col-md-6 col-sm-6\"><div class=\"fusion-flexslider fusion-flexslider-loading flexslider flexslider-hover-type-none\"><ul class=\"slides\"><li><a href=\"https:\/\/www.alfaforni.com\/it\/forno-per-pizza-con-barbecue\/\" aria-label=\"Forno per pizza con barbecue: le soluzioni Alfa Forni\" class=\"hover-type-none\"><img decoding=\"async\" width=\"700\" height=\"441\" src=\"https:\/\/www.alfaforni.com\/wp-content\/uploads\/2018\/08\/tour-your-oven-into-a-bbq-700x441.jpg\" class=\"attachment-recent-posts size-recent-posts\" alt=\"\" srcset=\"https:\/\/www.alfaforni.com\/wp-content\/uploads\/2018\/08\/tour-your-oven-into-a-bbq-320x202.jpg 320w, https:\/\/www.alfaforni.com\/wp-content\/uploads\/2018\/08\/tour-your-oven-into-a-bbq-700x441.jpg 700w\" sizes=\"(max-width: 700px) 100vw, 700px\" ><\/a><\/li><\/ul><\/div><div class=\"recent-posts-content\"><span class=\"vcard\" style=\"display: none;\"><span class=\"fn\"><a href=\"https:\/\/www.alfaforni.com\/it\/author\/admin\/\"  rel=\"author\">Stefano Evangelisti<\/a><\/span><\/span><span class=\"updated\" style=\"display:none;\">2024-04-12T09:56:57+02:00<\/span><h3 class=\"entry-title\"><a href=\"https:\/\/www.alfaforni.com\/it\/forno-per-pizza-con-barbecue\/\">Forno per pizza con barbecue: le soluzioni Alfa Forni<\/a><\/h3><p>Cosa c\u2019\u00e8 di meglio di una pizza o di una grigliata tra amici? Giardino, porticato o balcone di casa possono ospitare tavole imbandite e un angolo cottura funzionale per preparare di volta in volta pietanze [...]<\/p><\/div><\/article><article class=\"post fusion-column column col col-lg-6 col-md-6 col-sm-6\"><div class=\"fusion-flexslider fusion-flexslider-loading flexslider flexslider-hover-type-none\"><ul class=\"slides\"><li><a href=\"https:\/\/www.alfaforni.com\/it\/come-pulire-il-forno-a-legna-senza-fare-errori\/\" aria-label=\"Come pulire il forno a legna (senza fare errori)?\" class=\"hover-type-none\"><img decoding=\"async\" width=\"700\" height=\"441\" src=\"https:\/\/www.alfaforni.com\/wp-content\/uploads\/2018\/10\/kit-hybrid-paralegna-700x441.jpg\" class=\"attachment-recent-posts size-recent-posts\" alt=\"\" srcset=\"https:\/\/www.alfaforni.com\/wp-content\/uploads\/2018\/10\/kit-hybrid-paralegna-320x202.jpg 320w, https:\/\/www.alfaforni.com\/wp-content\/uploads\/2018\/10\/kit-hybrid-paralegna-700x441.jpg 700w\" sizes=\"(max-width: 700px) 100vw, 700px\" ><\/a><\/li><\/ul><\/div><div class=\"recent-posts-content\"><span class=\"vcard\" style=\"display: none;\"><span class=\"fn\"><a href=\"https:\/\/www.alfaforni.com\/it\/author\/admin\/\"  rel=\"author\">Stefano Evangelisti<\/a><\/span><\/span><span class=\"updated\" style=\"display:none;\">2024-04-12T09:44:42+02:00<\/span><h3 class=\"entry-title\"><a href=\"https:\/\/www.alfaforni.com\/it\/come-pulire-il-forno-a-legna-senza-fare-errori\/\">Come pulire il forno a legna (senza fare errori)?<\/a><\/h3><p>Il forno a legna \u00e8 da sempre un prezioso alleato in cucina: consente di sfornare delle ottime pizze, di preparare il pane come da tradizione e di realizzare dolci, verdure e arrosti dal sapore ineguagliabile.\r\nI modelli pi\u00f9 moderni in acciaio permettono addirittura di cuocere su pietra una vera pizza napoletana in pochi secondi in qualsiasi spazio all\u2019aperto, che sia un piccolo balcone o un ampio giardino.\r\nUna volta terminata la cottura, per\u00f2, un fattore da non trascurare \u00e8 quello che riguarda la pulizia del proprio forno a legna.<\/p><\/div><\/article><\/section><div class=\"fusion-infinite-scroll-trigger\"><\/div><div class=\"pagination infinite-scroll clearfix\" style=\"display:none;\"><span class=\"current\">1<\/span><a href=\"https:\/\/www.alfaforni.com\/it\/wp-json\/wp\/v2\/pages\/31722\/page\/2\/\" class=\"inactive\">2<\/a><a class=\"pagination-next\" rel=\"next\" href=\"https:\/\/www.alfaforni.com\/it\/wp-json\/wp\/v2\/pages\/31722\/page\/2\/\"><span class=\"page-text\">Prossimo<\/span><span class=\"page-next\"><\/span><\/a><\/div><div class=\"fusion-clearfix\"><\/div><button class=\"fusion-load-more-button fusion-blog-button fusion-clearfix\">Load More Posts<\/button><\/div><\/div><\/div><\/div><\/div><\/p>\n","protected":false},"excerpt":{"rendered":"","protected":false},"author":900,"featured_media":0,"parent":0,"menu_order":0,"comment_status":"closed","ping_status":"closed","template":"","meta":{"_acf_changed":false,"footnotes":""},"class_list":["post-31722","page","type-page","status-publish","hentry"],"acf":[],"_links":{"self":[{"href":"https:\/\/www.alfaforni.com\/it\/wp-json\/wp\/v2\/pages\/31722","targetHints":{"allow":["GET"]}}],"collection":[{"href":"https:\/\/www.alfaforni.com\/it\/wp-json\/wp\/v2\/pages"}],"about":[{"href":"https:\/\/www.alfaforni.com\/it\/wp-json\/wp\/v2\/types\/page"}],"author":[{"embeddable":true,"href":"https:\/\/www.alfaforni.com\/it\/wp-json\/wp\/v2\/users\/900"}],"replies":[{"embeddable":true,"href":"https:\/\/www.alfaforni.com\/it\/wp-json\/wp\/v2\/comments?post=31722"}],"version-history":[{"count":13,"href":"https:\/\/www.alfaforni.com\/it\/wp-json\/wp\/v2\/pages\/31722\/revisions"}],"predecessor-version":[{"id":64405,"href":"https:\/\/www.alfaforni.com\/it\/wp-json\/wp\/v2\/pages\/31722\/revisions\/64405"}],"wp:attachment":[{"href":"https:\/\/www.alfaforni.com\/it\/wp-json\/wp\/v2\/media?parent=31722"}],"curies":[{"name":"wp","href":"https:\/\/api.w.org\/{rel}","templated":true}]}}